{"id":55897,"date":"2019-11-26T13:17:40","date_gmt":"2019-11-26T12:17:40","guid":{"rendered":"https:\/\/www.josefbecvar.com\/?page_id=55897"},"modified":"2022-09-19T17:18:00","modified_gmt":"2022-09-19T15:18:00","slug":"uvod","status":"publish","type":"page","link":"https:\/\/www.josefbecvar.com\/en\/","title":{"rendered":"Home"},"content":{"rendered":"<p>[vc_row full_width=&#8221;stretch_row&#8221; full_height=&#8221;yes&#8221; css=&#8221;.vc_custom_1574781049296{padding-top: 30px !important;padding-bottom: 30px !important;background-image: url(https:\/\/www.josefbecvar.com\/wp-content\/uploads\/jozef-becvar-1.jpg?id=55900) !important;background-position: center !important;background-repeat: no-repeat !important;background-size: cover !important;}&#8221;][vc_column][vc_empty_space height=&#8221;115px&#8221;][vc_column_text]<\/p>\n<h1><span style=\"color: #ffffff; font-size: 0.8em;\">Army Gen.<\/span><\/h1>\n<h1><span style=\"color: #ffffff;\">Josef Becvar (ret.)<\/span><\/h1>\n<p>[\/vc_column_text][vc_empty_space height=&#8221;35px&#8221;][vc_column_text el_class=&#8221;bigger&#8221;]<span style=\"color: #ffffff;\">Chairman of the Board of ZE<\/span><span style=\"color: #ffffff;\">TOR DEFENCE, a.s.<\/span><\/p>\n<p><span style=\"color: #ffffff;\">Army General of the Army of the Czech Republic<br \/>\nChief of the General Staff of the Czech Army in 2015-2018<\/span>[\/vc_column_text][vc_empty_space height=&#8221;50px&#8221;]<style type=\"text\/css\" data-type=\"the7_shortcodes-inline-css\">#default-btn-e422be8f9d46b1f7dce18ad09438465b.ico-right-side > i {\n  margin-right: 0px;\n  margin-left: 8px;\n}\n#default-btn-e422be8f9d46b1f7dce18ad09438465b > i {\n  margin-right: 8px;\n}\n<\/style><a href=\"\/o-mne\/\" class=\"default-btn-shortcode dt-btn dt-btn-l link-hover-off anchor-link btn-inline-left \" id=\"default-btn-e422be8f9d46b1f7dce18ad09438465b\"><span>More about me<\/span><\/a>[\/vc_column][\/vc_row][vc_row][vc_column][vc_empty_space height=&#8221;50px&#8221;][\/vc_column][\/vc_row][vc_row css=&#8221;.vc_custom_1574776323785{padding-top: 50px !important;padding-bottom: 125px !important;}&#8221; el_id=&#8221;novinky&#8221;][vc_column][vc_column_text]<\/p>\n<h2>News<\/h2>\n<p>[\/vc_column_text][vc_empty_space height=&#8221;50px&#8221;]<style type=\"text\/css\" data-type=\"the7_shortcodes-inline-css\">.content-rollover-layout-list .post-entry-content {\n  top: 0;\n  height: 100%;\n  overflow-y: hidden;\n  display: -ms-flexbox;\n  display: -ms-flex;\n  display: flex;\n  -ms-flex-pack: flex-end;\n  -ms-justify-content: flex-end;\n  justify-content: flex-end;\n  -ms-flex-flow: column nowrap;\n  flex-flow: column nowrap;\n}\n.content-rollover-layout-list .post-entry-content:before {\n  position: absolute;\n  top: 0;\n  left: 0;\n  width: 100%;\n  height: 100%;\n  opacity: 1;\n  content: '';\n  transform: translate3d(0,35%,0);\n}\n.content-rollover-layout-list .entry-excerpt,\n.content-rollover-layout-list .post-details {\n  opacity: 0;\n  transition: opacity 0.45s;\n}\n.content-rollover-layout-list:not(.disable-layout-hover) article:hover .entry-excerpt,\n.content-rollover-layout-list:not(.disable-layout-hover) article:hover .post-details {\n  opacity: 1;\n}\n.content-rollover-layout-list .post-entry-content:before,\n.content-rollover-layout-list .post-entry-content .post-entry-wrapper {\n  transition: opacity 0.35s, bottom 0.35s, transform 0.4s;\n}\n.content-rollover-layout-list .post-entry-content .post-entry-wrapper {\n  position: absolute;\n  bottom: 0;\n  left: 0;\n  width: 100%;\n  box-sizing: border-box;\n}\n.content-rollover-layout-list:not(.disable-layout-hover) article:hover .post-entry-content:before {\n  opacity: 1;\n  transform: translate3d(0,0,0);\n}\n.mobile-false .content-rollover-layout-list:not(.disable-layout-hover) article:hover .post-entry-wrapper {\n  opacity: 1;\n  bottom: 0;\n}\n.mobile-true .content-rollover-layout-list:not(.disable-layout-hover) .post-entry-wrapper {\n  opacity: 1;\n  bottom: 0 !important;\n  transform: translateY(0) !important;\n}\n#page .blog-carousel-shortcode.blog-carousel-shortcode-id-fc80e61cb9f2cc54a0a0bb335c887989.content-rollover-layout-list .post-entry-content {\n  background: none;\n  padding: 0;\n}\n.blog-carousel-shortcode.blog-carousel-shortcode-id-fc80e61cb9f2cc54a0a0bb335c887989.content-rollover-layout-list .post-entry-content:before {\n  background: rgba(0,0,0,0.65);\n  background: -moz-linear-gradient(top,rgba(0,0,0,0) 0%,rgba(0,0,0,0.65) 65%,rgba(0,0,0,0.65) 100%);\n  background: -webkit-linear-gradient(top,rgba(0,0,0,0) 0%,rgba(0,0,0,0.65) 65%,rgba(0,0,0,0.65) 100%);\n  background: linear-gradient(to bottom,rgba(0,0,0,0) 0%,rgba(0,0,0,0.65) 65%,rgba(0,0,0,0.65) 100%);\n}\n.blog-carousel-shortcode.blog-carousel-shortcode-id-fc80e61cb9f2cc54a0a0bb335c887989.content-rollover-layout-list .post-entry-wrapper {\n  padding: 20px 20px 20px 20px;\n}\n.blog-carousel-shortcode.blog-carousel-shortcode-id-fc80e61cb9f2cc54a0a0bb335c887989.content-rollover-layout-list .post-entry-wrapper {\n  bottom: -15px;\n}\n.blog-carousel-shortcode.blog-carousel-shortcode-id-fc80e61cb9f2cc54a0a0bb335c887989.content-rollover-layout-list.meta-info-off .post-entry-wrapper {\n  bottom: -5px;\n}\n.blog-carousel-shortcode.blog-carousel-shortcode-id-fc80e61cb9f2cc54a0a0bb335c887989.content-rollover-layout-list article:not(.description-off) .post-entry-wrapper {\n  bottom: -20px;\n}\n.blog-carousel-shortcode.blog-carousel-shortcode-id-fc80e61cb9f2cc54a0a0bb335c887989.content-rollover-layout-list:not(.disable-layout-hover) article:hover .post-entry-wrapper {\n  bottom: 0;\n}\n.blog-carousel-shortcode.blog-carousel-shortcode-id-fc80e61cb9f2cc54a0a0bb335c887989 .filter-bg-decoration .filter-categories a.act {\n  color: #fff;\n}\n.blog-carousel-shortcode.blog-carousel-shortcode-id-fc80e61cb9f2cc54a0a0bb335c887989:not(.mode-masonry) article:first-of-type,\n.blog-carousel-shortcode.blog-carousel-shortcode-id-fc80e61cb9f2cc54a0a0bb335c887989:not(.mode-masonry) article.visible.first:not(.product) {\n  margin-top: 0;\n}\n.blog-carousel-shortcode.blog-carousel-shortcode-id-fc80e61cb9f2cc54a0a0bb335c887989.dividers-on:not(.mode-masonry) article {\n  margin-top: 0;\n}\n.blog-carousel-shortcode.blog-carousel-shortcode-id-fc80e61cb9f2cc54a0a0bb335c887989.dividers-on:not(.mode-masonry) article:first-of-type,\n.blog-carousel-shortcode.blog-carousel-shortcode-id-fc80e61cb9f2cc54a0a0bb335c887989.dividers-on:not(.mode-masonry) article.visible.first:not(.product) {\n  margin-top: 0;\n  padding-top: 0;\n}\n.blog-carousel-shortcode.blog-carousel-shortcode-id-fc80e61cb9f2cc54a0a0bb335c887989 .post-thumbnail-wrap {\n  padding: 0px 0px 0px 0px;\n}\n.blog-carousel-shortcode.blog-carousel-shortcode-id-fc80e61cb9f2cc54a0a0bb335c887989.enable-bg-rollover .post-thumbnail-rollover:after {\n  background: -webkit-linear-gradient();\n  background: linear-gradient();\n}\n.blog-carousel-shortcode.blog-carousel-shortcode-id-fc80e61cb9f2cc54a0a0bb335c887989 .gallery-zoom-ico {\n  width: 44px;\n  height: 44px;\n  line-height: 44px;\n  border-radius: 100px;\n  margin: -22px 0 0 -22px;\n  border-width: 0px;\n  color: #ffffff;\n  background: none;\n}\n.bottom-overlap-layout-list.blog-carousel-shortcode.blog-carousel-shortcode-id-fc80e61cb9f2cc54a0a0bb335c887989 .gallery-zoom-ico {\n  margin-top: -72px;\n}\n.gradient-overlay-layout-list.blog-carousel-shortcode.blog-carousel-shortcode-id-fc80e61cb9f2cc54a0a0bb335c887989 .gallery-zoom-ico,\n.content-rollover-layout-list.blog-carousel-shortcode.blog-carousel-shortcode-id-fc80e61cb9f2cc54a0a0bb335c887989 .gallery-zoom-ico {\n  margin: 0 0 10px;\n}\n.content-align-center.gradient-overlay-layout-list.blog-carousel-shortcode.blog-carousel-shortcode-id-fc80e61cb9f2cc54a0a0bb335c887989 .gallery-zoom-ico,\n.content-align-center.content-rollover-layout-list.blog-carousel-shortcode.blog-carousel-shortcode-id-fc80e61cb9f2cc54a0a0bb335c887989 .gallery-zoom-ico {\n  margin: 0 auto 10px;\n}\n.dt-icon-bg-on.blog-carousel-shortcode.blog-carousel-shortcode-id-fc80e61cb9f2cc54a0a0bb335c887989 .gallery-zoom-ico {\n  background: rgba(255,255,255,0.3);\n  box-shadow: none;\n}\n.blog-carousel-shortcode.blog-carousel-shortcode-id-fc80e61cb9f2cc54a0a0bb335c887989 .gallery-zoom-ico > span,\n.blog-carousel-shortcode.blog-carousel-shortcode-id-fc80e61cb9f2cc54a0a0bb335c887989 .gallery-zoom-ico:before {\n  font-size: 32px;\n  line-height: 44px;\n}\n.blog-carousel-shortcode.blog-carousel-shortcode-id-fc80e61cb9f2cc54a0a0bb335c887989 .gallery-zoom-ico > span,\n.blog-carousel-shortcode.blog-carousel-shortcode-id-fc80e61cb9f2cc54a0a0bb335c887989 .gallery-zoom-ico:before {\n  color: #ffffff;\n  background: none;\n}\n.blog-carousel-shortcode.blog-carousel-shortcode-id-fc80e61cb9f2cc54a0a0bb335c887989 .entry-title,\n.blog-carousel-shortcode.blog-carousel-shortcode-id-fc80e61cb9f2cc54a0a0bb335c887989.owl-carousel .entry-title {\n  margin-bottom: 5px;\n  font-size: 22px;\n  line-height: 30px;\n  font-weight: bold;\n}\n.blog-carousel-shortcode.blog-carousel-shortcode-id-fc80e61cb9f2cc54a0a0bb335c887989 .entry-title a,\n.blog-carousel-shortcode.blog-carousel-shortcode-id-fc80e61cb9f2cc54a0a0bb335c887989.owl-carousel .entry-title a {\n  color: #ffffff;\n  background: none;\n}\n.blog-carousel-shortcode.blog-carousel-shortcode-id-fc80e61cb9f2cc54a0a0bb335c887989 .entry-meta {\n  margin-bottom: 15px;\n}\n.blog-carousel-shortcode.blog-carousel-shortcode-id-fc80e61cb9f2cc54a0a0bb335c887989 .portfolio-categories {\n  margin-bottom: 15px;\n}\n.blog-carousel-shortcode.blog-carousel-shortcode-id-fc80e61cb9f2cc54a0a0bb335c887989 .entry-excerpt {\n  margin-bottom: 5px;\n}\n.blog-carousel-shortcode.blog-carousel-shortcode-id-fc80e61cb9f2cc54a0a0bb335c887989:not(.centered-layout-list) .post-entry-content {\n  padding: 20px 20px 20px 20px;\n}\n.blog-carousel-shortcode.blog-carousel-shortcode-id-fc80e61cb9f2cc54a0a0bb335c887989:not(.centered-layout-list):not(.content-bg-on):not(.mode-list) .no-img .post-entry-content {\n  padding: 0;\n}\n.blog-carousel-shortcode.blog-carousel-shortcode-id-fc80e61cb9f2cc54a0a0bb335c887989.content-bg-on:not(.classic-layout-list):not(.centered-layout-list) .post-entry-content {\n  background: rgba(0,0,0,0.65);\n  box-shadow: none;\n}\n.blog-carousel-shortcode.blog-carousel-shortcode-id-fc80e61cb9f2cc54a0a0bb335c887989 .post-details.details-type-link,\n.blog-carousel-shortcode.blog-carousel-shortcode-id-fc80e61cb9f2cc54a0a0bb335c887989 .post-details.details-type-link * {\n  color: #ffffff;\n  background: none;\n}\n@media screen and (max-width: ) {\n  .blog-carousel-shortcode.blog-carousel-shortcode-id-fc80e61cb9f2cc54a0a0bb335c887989 article {\n    -ms-flex-flow: column nowrap;\n    flex-flow: column nowrap;\n    margin-top: 20px;\n  }\n  .blog-carousel-shortcode.blog-carousel-shortcode-id-fc80e61cb9f2cc54a0a0bb335c887989.dividers-on article {\n    border: none;\n  }\n  .blog-carousel-shortcode.blog-carousel-shortcode-id-fc80e61cb9f2cc54a0a0bb335c887989.content-bg-on.centered-layout-list article {\n    padding: 0;\n  }\n  .blog-carousel-shortcode.blog-carousel-shortcode-id-fc80e61cb9f2cc54a0a0bb335c887989.blog-shortcode.dividers-on article,\n  .blog-carousel-shortcode.blog-carousel-shortcode-id-fc80e61cb9f2cc54a0a0bb335c887989.dividers-on.classic-layout-list article {\n    margin-top: 20px;\n    padding: 0;\n  }\n  .blog-carousel-shortcode.blog-carousel-shortcode-id-fc80e61cb9f2cc54a0a0bb335c887989.blog-shortcode.dividers-on article:first-of-type,\n  .blog-carousel-shortcode.blog-carousel-shortcode-id-fc80e61cb9f2cc54a0a0bb335c887989.dividers-on.classic-layout-list article:first-of-type {\n    padding: 0;\n  }\n  #page .blog-carousel-shortcode.blog-carousel-shortcode-id-fc80e61cb9f2cc54a0a0bb335c887989 .post-thumbnail-wrap,\n  #page .blog-carousel-shortcode.blog-carousel-shortcode-id-fc80e61cb9f2cc54a0a0bb335c887989 .post-entry-content {\n    width: 100%;\n    margin: 0;\n    top: 0;\n  }\n  #page .blog-carousel-shortcode.blog-carousel-shortcode-id-fc80e61cb9f2cc54a0a0bb335c887989 .post-thumbnail-wrap {\n    padding: 0;\n  }\n  #page .blog-carousel-shortcode.blog-carousel-shortcode-id-fc80e61cb9f2cc54a0a0bb335c887989 .post-entry-content:after {\n    display: none;\n  }\n  #page .blog-carousel-shortcode.blog-carousel-shortcode-id-fc80e61cb9f2cc54a0a0bb335c887989 .project-even .post-thumbnail-wrap,\n  #page .blog-carousel-shortcode.blog-carousel-shortcode-id-fc80e61cb9f2cc54a0a0bb335c887989.centered-layout-list .post-thumbnail-wrap {\n    -ms-flex-order: 0;\n    order: 0;\n  }\n  #page .blog-carousel-shortcode.blog-carousel-shortcode-id-fc80e61cb9f2cc54a0a0bb335c887989.centered-layout-list .post-entry-title-content {\n    -ms-flex-order: 1;\n    order: 1;\n    width: 100%;\n    padding: 20px 20px 0;\n  }\n  #page .blog-carousel-shortcode.blog-carousel-shortcode-id-fc80e61cb9f2cc54a0a0bb335c887989.centered-layout-list .post-entry-content {\n    -ms-flex-order: 2;\n    order: 2;\n    padding-top: 0;\n  }\n  #page .blog-carousel-shortcode.blog-carousel-shortcode-id-fc80e61cb9f2cc54a0a0bb335c887989 .fancy-categories {\n    top: 10px;\n    left: 10px;\n    bottom: auto;\n    right: auto;\n  }\n  #page .blog-carousel-shortcode.blog-carousel-shortcode-id-fc80e61cb9f2cc54a0a0bb335c887989 .fancy-date a {\n    top: 10px;\n    right: 10px;\n    left: auto;\n    bottom: auto;\n  }\n  #page .blog-carousel-shortcode.blog-carousel-shortcode-id-fc80e61cb9f2cc54a0a0bb335c887989 .post-entry-content {\n    padding: 20px;\n  }\n  #page .blog-carousel-shortcode.blog-carousel-shortcode-id-fc80e61cb9f2cc54a0a0bb335c887989 .entry-title {\n    margin: 3px 0 5px;\n    font-size: 20px;\n    line-height: 26px;\n  }\n  #page .blog-carousel-shortcode.blog-carousel-shortcode-id-fc80e61cb9f2cc54a0a0bb335c887989 .entry-meta {\n    margin: 5px 0 5px;\n  }\n  #page .blog-carousel-shortcode.blog-carousel-shortcode-id-fc80e61cb9f2cc54a0a0bb335c887989 .entry-excerpt {\n    margin: 15px 0 0;\n  }\n  #page .blog-carousel-shortcode.blog-carousel-shortcode-id-fc80e61cb9f2cc54a0a0bb335c887989 .post-details {\n    margin: 5px 0 10px;\n  }\n  #page .blog-carousel-shortcode.blog-carousel-shortcode-id-fc80e61cb9f2cc54a0a0bb335c887989 .post-details.details-type-link {\n    margin-bottom: 2px;\n  }\n}\n.blog-carousel-shortcode.blog-carousel-shortcode-id-fc80e61cb9f2cc54a0a0bb335c887989 .owl-nav a {\n  width: 36px;\n  height: 36px;\n  border-radius: 500px;\n}\n.dt-arrow-border-on.blog-carousel-shortcode.blog-carousel-shortcode-id-fc80e61cb9f2cc54a0a0bb335c887989 .owl-nav a:not(:hover):before {\n  border-width: 0px;\n}\n.dt-arrow-hover-border-on.blog-carousel-shortcode.blog-carousel-shortcode-id-fc80e61cb9f2cc54a0a0bb335c887989 .owl-nav a:hover:after {\n  border-width: 0px;\n}\n.blog-carousel-shortcode.blog-carousel-shortcode-id-fc80e61cb9f2cc54a0a0bb335c887989 .owl-nav a.owl-prev {\n  top: 50%;\n  transform: translateY(calc(-50% + 0px));\n  left: -43px;\n}\n@media all and (-ms-high-contrast: none) {\n  .blog-carousel-shortcode.blog-carousel-shortcode-id-fc80e61cb9f2cc54a0a0bb335c887989 .owl-nav a.owl-prev {\n    transform: translateY(-50%);\n    margin-top: 0px;\n  }\n}\n.blog-carousel-shortcode.blog-carousel-shortcode-id-fc80e61cb9f2cc54a0a0bb335c887989 .owl-nav a.owl-prev i {\n  padding: 0px 0px 0px 0px;\n}\n.blog-carousel-shortcode.blog-carousel-shortcode-id-fc80e61cb9f2cc54a0a0bb335c887989 .owl-nav a.owl-next {\n  top: 50%;\n  transform: translateY(calc(-50% + 0px));\n  right: -43px;\n}\n@media all and (-ms-high-contrast: none) {\n  .blog-carousel-shortcode.blog-carousel-shortcode-id-fc80e61cb9f2cc54a0a0bb335c887989 .owl-nav a.owl-next {\n    transform: translateY(-50%);\n    margin-top: 0px;\n  }\n}\n.blog-carousel-shortcode.blog-carousel-shortcode-id-fc80e61cb9f2cc54a0a0bb335c887989 .owl-nav a.owl-next i {\n  padding: 0px 0px 0px 0px;\n}\n.blog-carousel-shortcode.blog-carousel-shortcode-id-fc80e61cb9f2cc54a0a0bb335c887989 .owl-nav i {\n  font-size: 18px;\n}\n.blog-carousel-shortcode.blog-carousel-shortcode-id-fc80e61cb9f2cc54a0a0bb335c887989 .owl-nav a:not(:hover) i,\n.blog-carousel-shortcode.blog-carousel-shortcode-id-fc80e61cb9f2cc54a0a0bb335c887989 .owl-nav a:not(:hover) i:before {\n  color: #ffffff;\n  background: none;\n}\n.blog-carousel-shortcode.blog-carousel-shortcode-id-fc80e61cb9f2cc54a0a0bb335c887989 .owl-nav a:hover i,\n.blog-carousel-shortcode.blog-carousel-shortcode-id-fc80e61cb9f2cc54a0a0bb335c887989 .owl-nav a:hover i:before {\n  color: rgba(255,255,255,0.75);\n  background: none;\n}\n.blog-carousel-shortcode.blog-carousel-shortcode-id-fc80e61cb9f2cc54a0a0bb335c887989 .owl-dots {\n  top: calc(100% + 20px);\n  left: 50%;\n  transform: translateX(calc(-50% + 0px));\n}\n@media all and (-ms-high-contrast: none) {\n  .blog-carousel-shortcode.blog-carousel-shortcode-id-fc80e61cb9f2cc54a0a0bb335c887989 .owl-dots {\n    transform: translateX(-50%);\n    margin-left: 0px;\n  }\n}\n.blog-carousel-shortcode.blog-carousel-shortcode-id-fc80e61cb9f2cc54a0a0bb335c887989 .owl-dot {\n  width: 10px;\n  height: 10px;\n  margin: 0 8px;\n}\n@media screen and (max-width: 778px) {\n  .blog-carousel-shortcode.blog-carousel-shortcode-id-fc80e61cb9f2cc54a0a0bb335c887989.hide-arrows .owl-nav a {\n    display: none;\n  }\n}\n@media screen and (max-width: 778px) {\n  .blog-carousel-shortcode.blog-carousel-shortcode-id-fc80e61cb9f2cc54a0a0bb335c887989.reposition-arrows .owl-nav .owl-prev {\n    top: 50%;\n    transform: translateY(calc(-50% + 0px));\n    left: 10px;\n  }\n  .blog-carousel-shortcode.blog-carousel-shortcode-id-fc80e61cb9f2cc54a0a0bb335c887989.reposition-arrows .owl-nav .owl-next {\n    top: 50%;\n    transform: translateY(calc(-50% + 0px));\n    right: 10px;\n  }\n}\n@media screen and (max-width: 778px) and all and (-ms-high-contrast: none) {\n  .blog-carousel-shortcode.blog-carousel-shortcode-id-fc80e61cb9f2cc54a0a0bb335c887989.reposition-arrows .owl-nav .owl-prev {\n    transform: translateY(-50%);\n    margin-top: 0px;\n  }\n}\n@media screen and (max-width: 778px) and all and (-ms-high-contrast: none) {\n  .blog-carousel-shortcode.blog-carousel-shortcode-id-fc80e61cb9f2cc54a0a0bb335c887989.reposition-arrows .owl-nav .owl-next {\n    transform: translateY(-50%);\n    margin-top: 0px;\n  }\n}\n<\/style><div class=\"owl-carousel blog-carousel-shortcode dt-owl-carousel-call blog-carousel-shortcode-id-fc80e61cb9f2cc54a0a0bb335c887989 content-rollover-layout-list content-bg-on scale-img dt-icon-bg-off dt-arrow-border-on dt-arrow-hover-border-on meta-info-off disable-layout-hover vertical-fancy-style bullets-small-dot-stroke reposition-arrows arrows-bg-on disable-arrows-hover-bg arrows-hover-bg-on  \" data-scroll-mode=\"1\" data-col-num=\"3\" data-wide-col-num=\"3\" data-laptop-col=\"3\" data-h-tablet-columns-num=\"3\" data-v-tablet-columns-num=\"2\" data-phone-columns-num=\"1\" data-auto-height=\"true\" data-col-gap=\"10\" data-stage-padding=\"0\" data-speed=\"600\" data-autoplay=\"false\" data-autoplay_speed=\"6000\" data-arrows=\"true\" data-bullet=\"false\" data-next-icon=\"icon-ar-017-r\" data-prev-icon=\"icon-ar-017-l\"><article class=\"post post-56585 type-post status-publish format-standard has-post-thumbnail hentry category-novinky category-380 description-off\" data-name=\"On Saturday 17 September, Czech Prime Minister Petr Fiala personally attended the NATO Days in Ostrava\" data-date=\"2022-09-19T17:11:34+00:00\">\n\n<div class=\"post-thumbnail-wrap\">\n\t<div class=\"post-thumbnail\">\n\t\t\n\t\t<span class=\"fancy-categories\"><a href=\"https:\/\/www.josefbecvar.com\/en\/category\/novinky\/\" rel=\"category tag\" style=\"background-color:#;color:#;\">News<\/a><\/span>\n\t\t<a href=\"https:\/\/www.josefbecvar.com\/en\/predseda-vlady-cr-petr-fiala-se-v-sobotu-17-zari-osobne-zucastnil-dnu-nato-v-ostrave\/\" class=\"post-thumbnail-rollover layzr-bg\" ><img class=\"preload-me owl-lazy-load\" src=\"data:image\/svg+xml,%3Csvg%20xmlns%3D&#39;http%3A%2F%2Fwww.w3.org%2F2000%2Fsvg&#39;%20viewBox%3D&#39;0%200%20768%20768&#39;%2F%3E\" data-src=\"https:\/\/www.josefbecvar.com\/wp-content\/uploads\/fiala-zetor-dny-nato2022c-768x768.jpg\" data-srcset=\"https:\/\/www.josefbecvar.com\/wp-content\/uploads\/fiala-zetor-dny-nato2022c-768x768.jpg 768w, https:\/\/www.josefbecvar.com\/wp-content\/uploads\/fiala-zetor-dny-nato2022c-1152x1152.jpg 1152w\" alt=\"\" title=\"Fiala Zetor Dny NATO2022c\" width=\"768\" height=\"768\"  \/><\/a>\t<\/div>\n<\/div>\n\n\n<div class=\"post-entry-content\">\n\t<div class=\"post-entry-wrapper\">\n\t\t\t\t<h3 class=\"entry-title\">\n\t\t\t<a href=\"https:\/\/www.josefbecvar.com\/en\/predseda-vlady-cr-petr-fiala-se-v-sobotu-17-zari-osobne-zucastnil-dnu-nato-v-ostrave\/\" title=\"On Saturday 17 September, Czech Prime Minister Petr Fiala personally attended the NATO Days in Ostrava\" rel=\"bookmark\">On Saturday 17 September, Czech Prime Minister Petr Fiala personally attended the NATO Days in Ostrava<\/a>\n\t\t<\/h3>\n\n\t\t\n\t\t\n\t\t\n\t<\/div>\n<\/div><\/article><article class=\"post post-56580 type-post status-publish format-standard has-post-thumbnail hentry category-novinky category-380 description-off\" data-name=\"(\u010ce\u0161tina) Zetor Gerlach se p\u0159edvede na MSPO v Polsku\" data-date=\"2022-09-05T08:25:52+00:00\">\n\n<div class=\"post-thumbnail-wrap\">\n\t<div class=\"post-thumbnail\">\n\t\t\n\t\t<span class=\"fancy-categories\"><a href=\"https:\/\/www.josefbecvar.com\/en\/category\/novinky\/\" rel=\"category tag\" style=\"background-color:#;color:#;\">News<\/a><\/span>\n\t\t<a href=\"https:\/\/www.josefbecvar.com\/en\/zetor-gerlach-se-predvede-na-mspo-v-polsku\/\" class=\"post-thumbnail-rollover layzr-bg\" ><img class=\"preload-me owl-lazy-load\" src=\"data:image\/svg+xml,%3Csvg%20xmlns%3D&#39;http%3A%2F%2Fwww.w3.org%2F2000%2Fsvg&#39;%20viewBox%3D&#39;0%200%20768%20768&#39;%2F%3E\" data-src=\"https:\/\/www.josefbecvar.com\/wp-content\/uploads\/zetor-768x768.jpg\" data-srcset=\"https:\/\/www.josefbecvar.com\/wp-content\/uploads\/zetor-768x768.jpg 768w, https:\/\/www.josefbecvar.com\/wp-content\/uploads\/zetor-1152x1152.jpg 1152w\" alt=\"\" title=\"Zetor\" width=\"768\" height=\"768\"  \/><\/a>\t<\/div>\n<\/div>\n\n\n<div class=\"post-entry-content\">\n\t<div class=\"post-entry-wrapper\">\n\t\t\t\t<h3 class=\"entry-title\">\n\t\t\t<a href=\"https:\/\/www.josefbecvar.com\/en\/zetor-gerlach-se-predvede-na-mspo-v-polsku\/\" title=\"(\u010ce\u0161tina) Zetor Gerlach se p\u0159edvede na MSPO v Polsku\" rel=\"bookmark\">(\u010ce\u0161tina) Zetor Gerlach se p\u0159edvede na MSPO v Polsku<\/a>\n\t\t<\/h3>\n\n\t\t\n\t\t\n\t\t\n\t<\/div>\n<\/div><\/article><article class=\"post post-56572 type-post status-publish format-standard has-post-thumbnail hentry category-novinky category-380 description-off\" data-name=\"Czech Derby 2022\" data-date=\"2022-06-27T12:42:01+00:00\">\n\n<div class=\"post-thumbnail-wrap\">\n\t<div class=\"post-thumbnail\">\n\t\t\n\t\t<span class=\"fancy-categories\"><a href=\"https:\/\/www.josefbecvar.com\/en\/category\/novinky\/\" rel=\"category tag\" style=\"background-color:#;color:#;\">News<\/a><\/span>\n\t\t<a href=\"https:\/\/www.josefbecvar.com\/en\/ceske-derby-2022\/\" class=\"post-thumbnail-rollover layzr-bg\" ><img class=\"preload-me owl-lazy-load\" src=\"data:image\/svg+xml,%3Csvg%20xmlns%3D&#39;http%3A%2F%2Fwww.w3.org%2F2000%2Fsvg&#39;%20viewBox%3D&#39;0%200%20768%20768&#39;%2F%3E\" data-src=\"https:\/\/www.josefbecvar.com\/wp-content\/uploads\/derby-a-e1657969244878-768x768.jpeg\" data-srcset=\"https:\/\/www.josefbecvar.com\/wp-content\/uploads\/derby-a-e1657969244878-768x768.jpeg 768w, https:\/\/www.josefbecvar.com\/wp-content\/uploads\/derby-a-e1657969244878-1152x1152.jpeg 1152w\" alt=\"\" title=\"derby A\" width=\"768\" height=\"768\"  \/><\/a>\t<\/div>\n<\/div>\n\n\n<div class=\"post-entry-content\">\n\t<div class=\"post-entry-wrapper\">\n\t\t\t\t<h3 class=\"entry-title\">\n\t\t\t<a href=\"https:\/\/www.josefbecvar.com\/en\/ceske-derby-2022\/\" title=\"Czech Derby 2022\" rel=\"bookmark\">Czech Derby 2022<\/a>\n\t\t<\/h3>\n\n\t\t\n\t\t\n\t\t\n\t<\/div>\n<\/div><\/article><article class=\"post post-56514 type-post status-publish format-standard has-post-thumbnail hentry category-novinky category-380 description-off\" data-name=\"The new government, the new opportunity\" data-date=\"2021-11-29T15:35:55+00:00\">\n\n<div class=\"post-thumbnail-wrap\">\n\t<div class=\"post-thumbnail\">\n\t\t\n\t\t<span class=\"fancy-categories\"><a href=\"https:\/\/www.josefbecvar.com\/en\/category\/novinky\/\" rel=\"category tag\" style=\"background-color:#;color:#;\">News<\/a><\/span>\n\t\t<a href=\"https:\/\/www.josefbecvar.com\/en\/nova-vlada-nova-prilezitost\/\" class=\"post-thumbnail-rollover layzr-bg\" ><img class=\"preload-me owl-lazy-load\" src=\"data:image\/svg+xml,%3Csvg%20xmlns%3D&#39;http%3A%2F%2Fwww.w3.org%2F2000%2Fsvg&#39;%20viewBox%3D&#39;0%200%20534%20534&#39;%2F%3E\" data-src=\"https:\/\/www.josefbecvar.com\/wp-content\/uploads\/josef-becvar-26-534x534.jpg\" data-srcset=\"https:\/\/www.josefbecvar.com\/wp-content\/uploads\/josef-becvar-26-534x534.jpg 534w\" alt=\"Josef Be\u010dv\u00e1\u0159\" title=\"Josef Be\u010dv\u00e1\u0159\" width=\"534\" height=\"534\"  \/><\/a>\t<\/div>\n<\/div>\n\n\n<div class=\"post-entry-content\">\n\t<div class=\"post-entry-wrapper\">\n\t\t\t\t<h3 class=\"entry-title\">\n\t\t\t<a href=\"https:\/\/www.josefbecvar.com\/en\/nova-vlada-nova-prilezitost\/\" title=\"The new government, the new opportunity\" rel=\"bookmark\">The new government, the new opportunity<\/a>\n\t\t<\/h3>\n\n\t\t\n\t\t\n\t\t\n\t<\/div>\n<\/div><\/article><article class=\"post post-56492 type-post status-publish format-standard has-post-thumbnail hentry category-novinky category-380 description-off\" data-name=\"Zetor Gerlach 4&#215;4 in dynamic tests\" data-date=\"2021-11-15T16:29:35+00:00\">\n\n<div class=\"post-thumbnail-wrap\">\n\t<div class=\"post-thumbnail\">\n\t\t\n\t\t<span class=\"fancy-categories\"><a href=\"https:\/\/www.josefbecvar.com\/en\/category\/novinky\/\" rel=\"category tag\" style=\"background-color:#;color:#;\">News<\/a><\/span>\n\t\t<a href=\"https:\/\/www.josefbecvar.com\/en\/zetor-gerlach-4x4-pri-dynamickych-zkouskach\/\" class=\"post-thumbnail-rollover layzr-bg\" ><img class=\"preload-me owl-lazy-load\" src=\"data:image\/svg+xml,%3Csvg%20xmlns%3D&#39;http%3A%2F%2Fwww.w3.org%2F2000%2Fsvg&#39;%20viewBox%3D&#39;0%200%20768%20768&#39;%2F%3E\" data-src=\"https:\/\/www.josefbecvar.com\/wp-content\/uploads\/dsc-0875-768x768.jpg\" data-srcset=\"https:\/\/www.josefbecvar.com\/wp-content\/uploads\/dsc-0875-768x768.jpg 768w, https:\/\/www.josefbecvar.com\/wp-content\/uploads\/dsc-0875-1152x1152.jpg 1152w\" alt=\"\"  width=\"768\" height=\"768\"  \/><\/a>\t<\/div>\n<\/div>\n\n\n<div class=\"post-entry-content\">\n\t<div class=\"post-entry-wrapper\">\n\t\t\t\t<h3 class=\"entry-title\">\n\t\t\t<a href=\"https:\/\/www.josefbecvar.com\/en\/zetor-gerlach-4x4-pri-dynamickych-zkouskach\/\" title=\"Zetor Gerlach 4&#215;4 in dynamic tests\" rel=\"bookmark\">Zetor Gerlach 4&#215;4 in dynamic tests<\/a>\n\t\t<\/h3>\n\n\t\t\n\t\t\n\t\t\n\t<\/div>\n<\/div><\/article><article class=\"post post-56478 type-post status-publish format-standard has-post-thumbnail hentry category-novinky category-380 description-off\" data-name=\"I&#8217;m switching to the ZETOR!\" data-date=\"2021-10-08T12:45:05+00:00\">\n\n<div class=\"post-thumbnail-wrap\">\n\t<div class=\"post-thumbnail\">\n\t\t\n\t\t<span class=\"fancy-categories\"><a href=\"https:\/\/www.josefbecvar.com\/en\/category\/novinky\/\" rel=\"category tag\" style=\"background-color:#;color:#;\">News<\/a><\/span>\n\t\t<a href=\"https:\/\/www.josefbecvar.com\/en\/presedam-do-zetoru\/\" class=\"post-thumbnail-rollover layzr-bg\" ><img class=\"preload-me owl-lazy-load\" src=\"data:image\/svg+xml,%3Csvg%20xmlns%3D&#39;http%3A%2F%2Fwww.w3.org%2F2000%2Fsvg&#39;%20viewBox%3D&#39;0%200%20768%20768&#39;%2F%3E\" data-src=\"https:\/\/www.josefbecvar.com\/wp-content\/uploads\/jb-idet-768x768.jpeg\" data-srcset=\"https:\/\/www.josefbecvar.com\/wp-content\/uploads\/jb-idet-768x768.jpeg 768w, https:\/\/www.josefbecvar.com\/wp-content\/uploads\/jb-idet-1026x1026.jpeg 1026w\" alt=\"\" title=\"JB IDET\" width=\"768\" height=\"768\"  \/><\/a>\t<\/div>\n<\/div>\n\n\n<div class=\"post-entry-content\">\n\t<div class=\"post-entry-wrapper\">\n\t\t\t\t<h3 class=\"entry-title\">\n\t\t\t<a href=\"https:\/\/www.josefbecvar.com\/en\/presedam-do-zetoru\/\" title=\"I&#8217;m switching to the ZETOR!\" rel=\"bookmark\">I&#8217;m switching to the ZETOR!<\/a>\n\t\t<\/h3>\n\n\t\t\n\t\t\n\t\t\n\t<\/div>\n<\/div><\/article><article class=\"post post-56470 type-post status-publish format-standard has-post-thumbnail hentry category-novinky category-380 description-off\" data-name=\"We delivered the first Toyotas to the Czech Army\" data-date=\"2021-08-11T09:41:58+00:00\">\n\n<div class=\"post-thumbnail-wrap\">\n\t<div class=\"post-thumbnail\">\n\t\t\n\t\t<span class=\"fancy-categories\"><a href=\"https:\/\/www.josefbecvar.com\/en\/category\/novinky\/\" rel=\"category tag\" style=\"background-color:#;color:#;\">News<\/a><\/span>\n\t\t<a href=\"https:\/\/www.josefbecvar.com\/en\/dodali-jsme-prvni-toyoty-acr\/\" class=\"post-thumbnail-rollover layzr-bg\" ><img class=\"preload-me owl-lazy-load\" src=\"data:image\/svg+xml,%3Csvg%20xmlns%3D&#39;http%3A%2F%2Fwww.w3.org%2F2000%2Fsvg&#39;%20viewBox%3D&#39;0%200%20768%20768&#39;%2F%3E\" data-src=\"https:\/\/www.josefbecvar.com\/wp-content\/uploads\/whatsapp-image-2021-08-11-at-144413-768x768.jpeg\" data-srcset=\"https:\/\/www.josefbecvar.com\/wp-content\/uploads\/whatsapp-image-2021-08-11-at-144413-768x768.jpeg 768w, https:\/\/www.josefbecvar.com\/wp-content\/uploads\/whatsapp-image-2021-08-11-at-144413-917x917.jpeg 917w\" alt=\"\" title=\"ACR\" width=\"768\" height=\"768\"  \/><\/a>\t<\/div>\n<\/div>\n\n\n<div class=\"post-entry-content\">\n\t<div class=\"post-entry-wrapper\">\n\t\t\t\t<h3 class=\"entry-title\">\n\t\t\t<a href=\"https:\/\/www.josefbecvar.com\/en\/dodali-jsme-prvni-toyoty-acr\/\" title=\"We delivered the first Toyotas to the Czech Army\" rel=\"bookmark\">We delivered the first Toyotas to the Czech Army<\/a>\n\t\t<\/h3>\n\n\t\t\n\t\t\n\t\t\n\t<\/div>\n<\/div><\/article><article class=\"post post-56456 type-post status-publish format-standard has-post-thumbnail hentry category-novinky category-380 description-off\" data-name=\"We presented the Toyota Hilux for the first time to the public\" data-date=\"2021-06-28T12:03:41+00:00\">\n\n<div class=\"post-thumbnail-wrap\">\n\t<div class=\"post-thumbnail\">\n\t\t\n\t\t<span class=\"fancy-categories\"><a href=\"https:\/\/www.josefbecvar.com\/en\/category\/novinky\/\" rel=\"category tag\" style=\"background-color:#;color:#;\">News<\/a><\/span>\n\t\t<a href=\"https:\/\/www.josefbecvar.com\/en\/predvedli-jsme-poprve-verejnosti-toyotu-hilux-pro-acr\/\" class=\"post-thumbnail-rollover layzr-bg\" ><img class=\"preload-me owl-lazy-load\" src=\"data:image\/svg+xml,%3Csvg%20xmlns%3D&#39;http%3A%2F%2Fwww.w3.org%2F2000%2Fsvg&#39;%20viewBox%3D&#39;0%200%20768%20768&#39;%2F%3E\" data-src=\"https:\/\/www.josefbecvar.com\/wp-content\/uploads\/bahna-5-of-1-scaled-768x768.jpg\" data-srcset=\"https:\/\/www.josefbecvar.com\/wp-content\/uploads\/bahna-5-of-1-scaled-768x768.jpg 768w, https:\/\/www.josefbecvar.com\/wp-content\/uploads\/bahna-5-of-1-scaled-1152x1152.jpg 1152w\" alt=\"\" title=\"Bahna (5 of 1)\" width=\"768\" height=\"768\"  \/><\/a>\t<\/div>\n<\/div>\n\n\n<div class=\"post-entry-content\">\n\t<div class=\"post-entry-wrapper\">\n\t\t\t\t<h3 class=\"entry-title\">\n\t\t\t<a href=\"https:\/\/www.josefbecvar.com\/en\/predvedli-jsme-poprve-verejnosti-toyotu-hilux-pro-acr\/\" title=\"We presented the Toyota Hilux for the first time to the public\" rel=\"bookmark\">We presented the Toyota Hilux for the first time to the public<\/a>\n\t\t<\/h3>\n\n\t\t\n\t\t\n\t\t\n\t<\/div>\n<\/div><\/article><article class=\"post post-56449 type-post status-publish format-standard has-post-thumbnail hentry category-novinky category-380 description-off\" data-name=\"CASA aircraft \u2013 summary after ten years\" data-date=\"2021-05-20T19:03:29+00:00\">\n\n<div class=\"post-thumbnail-wrap\">\n\t<div class=\"post-thumbnail\">\n\t\t\n\t\t<span class=\"fancy-categories\"><a href=\"https:\/\/www.josefbecvar.com\/en\/category\/novinky\/\" rel=\"category tag\" style=\"background-color:#;color:#;\">News<\/a><\/span>\n\t\t<a href=\"https:\/\/www.josefbecvar.com\/en\/letadla-casa-podtrzeno-a-secteno\/\" class=\"post-thumbnail-rollover layzr-bg\" ><img class=\"preload-me owl-lazy-load\" src=\"data:image\/svg+xml,%3Csvg%20xmlns%3D&#39;http%3A%2F%2Fwww.w3.org%2F2000%2Fsvg&#39;%20viewBox%3D&#39;0%200%20683%20683&#39;%2F%3E\" data-src=\"https:\/\/www.josefbecvar.com\/wp-content\/uploads\/casa-c-295m-02-archiv-vevzs-683x683.jpg\" data-srcset=\"https:\/\/www.josefbecvar.com\/wp-content\/uploads\/casa-c-295m-02-archiv-vevzs-683x683.jpg 683w\" alt=\"casa-c-295m\" title=\"casa-c-295m-02_archiv-vevzs\" width=\"683\" height=\"683\"  \/><\/a>\t<\/div>\n<\/div>\n\n\n<div class=\"post-entry-content\">\n\t<div class=\"post-entry-wrapper\">\n\t\t\t\t<h3 class=\"entry-title\">\n\t\t\t<a href=\"https:\/\/www.josefbecvar.com\/en\/letadla-casa-podtrzeno-a-secteno\/\" title=\"CASA aircraft \u2013 summary after ten years\" rel=\"bookmark\">CASA aircraft \u2013 summary after ten years<\/a>\n\t\t<\/h3>\n\n\t\t\n\t\t\n\t\t\n\t<\/div>\n<\/div><\/article><article class=\"post post-56441 type-post status-publish format-standard has-post-thumbnail hentry category-novinky category-380 description-off\" data-name=\"Soldiers in the front lines\" data-date=\"2021-03-19T11:07:24+00:00\">\n\n<div class=\"post-thumbnail-wrap\">\n\t<div class=\"post-thumbnail\">\n\t\t\n\t\t<span class=\"fancy-categories\"><a href=\"https:\/\/www.josefbecvar.com\/en\/category\/novinky\/\" rel=\"category tag\" style=\"background-color:#;color:#;\">News<\/a><\/span>\n\t\t<a href=\"https:\/\/www.josefbecvar.com\/en\/vojaci-v-prvnich-liniich\/\" class=\"post-thumbnail-rollover layzr-bg\" ><img class=\"preload-me owl-lazy-load\" src=\"data:image\/svg+xml,%3Csvg%20xmlns%3D&#39;http%3A%2F%2Fwww.w3.org%2F2000%2Fsvg&#39;%20viewBox%3D&#39;0%200%20576%20576&#39;%2F%3E\" data-src=\"https:\/\/www.josefbecvar.com\/wp-content\/uploads\/vysadkari-se-zachranarem-zzs-hmp-9-576x576.jpg\" data-srcset=\"https:\/\/www.josefbecvar.com\/wp-content\/uploads\/vysadkari-se-zachranarem-zzs-hmp-9-576x576.jpg 576w\" alt=\"\" title=\"vysadkari-se-zachranarem-zzs-hmp_9\" width=\"576\" height=\"576\"  \/><\/a>\t<\/div>\n<\/div>\n\n\n<div class=\"post-entry-content\">\n\t<div class=\"post-entry-wrapper\">\n\t\t\t\t<h3 class=\"entry-title\">\n\t\t\t<a href=\"https:\/\/www.josefbecvar.com\/en\/vojaci-v-prvnich-liniich\/\" title=\"Soldiers in the front lines\" rel=\"bookmark\">Soldiers in the front lines<\/a>\n\t\t<\/h3>\n\n\t\t\n\t\t\n\t\t\n\t<\/div>\n<\/div><\/article><article class=\"post post-56434 type-post status-publish format-standard has-post-thumbnail hentry category-novinky category-380 description-off\" data-name=\"Kudos to Toyota!\" data-date=\"2021-01-25T10:38:19+00:00\">\n\n<div class=\"post-thumbnail-wrap\">\n\t<div class=\"post-thumbnail\">\n\t\t\n\t\t<span class=\"fancy-categories\"><a href=\"https:\/\/www.josefbecvar.com\/en\/category\/novinky\/\" rel=\"category tag\" style=\"background-color:#;color:#;\">News<\/a><\/span>\n\t\t<a href=\"https:\/\/www.josefbecvar.com\/en\/toyoty-na-jednicku\/\" class=\"post-thumbnail-rollover layzr-bg\" ><img class=\"preload-me owl-lazy-load\" src=\"data:image\/svg+xml,%3Csvg%20xmlns%3D&#39;http%3A%2F%2Fwww.w3.org%2F2000%2Fsvg&#39;%20viewBox%3D&#39;0%200%20768%20768&#39;%2F%3E\" data-src=\"https:\/\/www.josefbecvar.com\/wp-content\/uploads\/toyota-hilux-czech-army-glomex-ms-891x1024-1-768x768.jpg\" data-srcset=\"https:\/\/www.josefbecvar.com\/wp-content\/uploads\/toyota-hilux-czech-army-glomex-ms-891x1024-1-768x768.jpg 768w, https:\/\/www.josefbecvar.com\/wp-content\/uploads\/toyota-hilux-czech-army-glomex-ms-891x1024-1-891x891.jpg 891w\" alt=\"\" title=\"Toyota-Hilux-Czech-Army_Glomex-MS-891&#215;1024\" width=\"768\" height=\"768\"  \/><\/a>\t<\/div>\n<\/div>\n\n\n<div class=\"post-entry-content\">\n\t<div class=\"post-entry-wrapper\">\n\t\t\t\t<h3 class=\"entry-title\">\n\t\t\t<a href=\"https:\/\/www.josefbecvar.com\/en\/toyoty-na-jednicku\/\" title=\"Kudos to Toyota!\" rel=\"bookmark\">Kudos to Toyota!<\/a>\n\t\t<\/h3>\n\n\t\t\n\t\t\n\t\t\n\t<\/div>\n<\/div><\/article><article class=\"post post-56409 type-post status-publish format-standard has-post-thumbnail hentry category-novinky category-380 description-off\" data-name=\"Toyota for the Czech Army or What the media doesn&#8217;t write about\" data-date=\"2020-11-06T15:24:41+00:00\">\n\n<div class=\"post-thumbnail-wrap\">\n\t<div class=\"post-thumbnail\">\n\t\t\n\t\t<span class=\"fancy-categories\"><a href=\"https:\/\/www.josefbecvar.com\/en\/category\/novinky\/\" rel=\"category tag\" style=\"background-color:#;color:#;\">News<\/a><\/span>\n\t\t<a href=\"https:\/\/www.josefbecvar.com\/en\/toyoty-pro-ceskou-armadu-aneb-o-cem-media-nepisou\/\" class=\"post-thumbnail-rollover layzr-bg\" ><img class=\"preload-me owl-lazy-load\" src=\"data:image\/svg+xml,%3Csvg%20xmlns%3D&#39;http%3A%2F%2Fwww.w3.org%2F2000%2Fsvg&#39;%20viewBox%3D&#39;0%200%20768%20768&#39;%2F%3E\" data-src=\"https:\/\/www.josefbecvar.com\/wp-content\/uploads\/hilux2-768x768.jpg\" data-srcset=\"https:\/\/www.josefbecvar.com\/wp-content\/uploads\/hilux2-768x768.jpg 768w, https:\/\/www.josefbecvar.com\/wp-content\/uploads\/hilux2-934x934.jpg 934w\" alt=\"\" title=\"Hilux2\" width=\"768\" height=\"768\"  \/><\/a>\t<\/div>\n<\/div>\n\n\n<div class=\"post-entry-content\">\n\t<div class=\"post-entry-wrapper\">\n\t\t\t\t<h3 class=\"entry-title\">\n\t\t\t<a href=\"https:\/\/www.josefbecvar.com\/en\/toyoty-pro-ceskou-armadu-aneb-o-cem-media-nepisou\/\" title=\"Toyota for the Czech Army or What the media doesn&#8217;t write about\" rel=\"bookmark\">Toyota for the Czech Army or What the media doesn&#8217;t write about<\/a>\n\t\t<\/h3>\n\n\t\t\n\t\t\n\t\t\n\t<\/div>\n<\/div><\/article><article class=\"post post-56400 type-post status-publish format-standard has-post-thumbnail hentry category-novinky category-380 description-off\" data-name=\"Fortune favours the prepared or What after COVID?\" data-date=\"2020-09-24T17:38:04+00:00\">\n\n<div class=\"post-thumbnail-wrap\">\n\t<div class=\"post-thumbnail\">\n\t\t\n\t\t<span class=\"fancy-categories\"><a href=\"https:\/\/www.josefbecvar.com\/en\/category\/novinky\/\" rel=\"category tag\" style=\"background-color:#;color:#;\">News<\/a><\/span>\n\t\t<a href=\"https:\/\/www.josefbecvar.com\/en\/stesti-preje-pripravenym-aneb-co-po-covidu\/\" class=\"post-thumbnail-rollover layzr-bg\" ><img class=\"preload-me owl-lazy-load\" src=\"data:image\/svg+xml,%3Csvg%20xmlns%3D&#39;http%3A%2F%2Fwww.w3.org%2F2000%2Fsvg&#39;%20viewBox%3D&#39;0%200%20600%20600&#39;%2F%3E\" data-src=\"https:\/\/www.josefbecvar.com\/wp-content\/uploads\/ford-ranger-at-mspo-600x600.jpg\" data-srcset=\"https:\/\/www.josefbecvar.com\/wp-content\/uploads\/ford-ranger-at-mspo-600x600.jpg 600w\" alt=\"Ford Ranger at MSPO\" title=\"Ford Ranger at MSPO\" width=\"600\" height=\"600\"  \/><\/a>\t<\/div>\n<\/div>\n\n\n<div class=\"post-entry-content\">\n\t<div class=\"post-entry-wrapper\">\n\t\t\t\t<h3 class=\"entry-title\">\n\t\t\t<a href=\"https:\/\/www.josefbecvar.com\/en\/stesti-preje-pripravenym-aneb-co-po-covidu\/\" title=\"Fortune favours the prepared or What after COVID?\" rel=\"bookmark\">Fortune favours the prepared or What after COVID?<\/a>\n\t\t<\/h3>\n\n\t\t\n\t\t\n\t\t\n\t<\/div>\n<\/div><\/article><article class=\"post post-56392 type-post status-publish format-standard has-post-thumbnail hentry category-novinky category-380 description-off\" data-name=\"Farewell to Yak-40\" data-date=\"2020-09-04T12:18:19+00:00\">\n\n<div class=\"post-thumbnail-wrap\">\n\t<div class=\"post-thumbnail\">\n\t\t\n\t\t<span class=\"fancy-categories\"><a href=\"https:\/\/www.josefbecvar.com\/en\/category\/novinky\/\" rel=\"category tag\" style=\"background-color:#;color:#;\">News<\/a><\/span>\n\t\t<a href=\"https:\/\/www.josefbecvar.com\/en\/louceni-s-jak-40\/\" class=\"post-thumbnail-rollover layzr-bg\" ><img class=\"preload-me owl-lazy-load\" src=\"data:image\/svg+xml,%3Csvg%20xmlns%3D&#39;http%3A%2F%2Fwww.w3.org%2F2000%2Fsvg&#39;%20viewBox%3D&#39;0%200%20683%20683&#39;%2F%3E\" data-src=\"https:\/\/www.josefbecvar.com\/wp-content\/uploads\/whatsapp-image-2020-09-08-at-19-55-05-683x683.jpeg\" data-srcset=\"https:\/\/www.josefbecvar.com\/wp-content\/uploads\/whatsapp-image-2020-09-08-at-19-55-05-683x683.jpeg 683w\" alt=\"JAK 40\" title=\"JAK 40\" width=\"683\" height=\"683\"  \/><\/a>\t<\/div>\n<\/div>\n\n\n<div class=\"post-entry-content\">\n\t<div class=\"post-entry-wrapper\">\n\t\t\t\t<h3 class=\"entry-title\">\n\t\t\t<a href=\"https:\/\/www.josefbecvar.com\/en\/louceni-s-jak-40\/\" title=\"Farewell to Yak-40\" rel=\"bookmark\">Farewell to Yak-40<\/a>\n\t\t<\/h3>\n\n\t\t\n\t\t\n\t\t\n\t<\/div>\n<\/div><\/article><article class=\"post post-56382 type-post status-publish format-standard has-post-thumbnail hentry category-novinky category-380 description-off\" data-name=\"The EU&#8217;s common defense needs uniform legislation\" data-date=\"2020-07-22T08:00:27+00:00\">\n\n<div class=\"post-thumbnail-wrap\">\n\t<div class=\"post-thumbnail\">\n\t\t\n\t\t<span class=\"fancy-categories\"><a href=\"https:\/\/www.josefbecvar.com\/en\/category\/novinky\/\" rel=\"category tag\" style=\"background-color:#;color:#;\">News<\/a><\/span>\n\t\t<a href=\"https:\/\/www.josefbecvar.com\/en\/spolecna-obrana-eu-potrebuje-jednotnou-legislativu\/\" class=\"post-thumbnail-rollover layzr-bg\" ><img class=\"preload-me owl-lazy-load\" src=\"data:image\/svg+xml,%3Csvg%20xmlns%3D&#39;http%3A%2F%2Fwww.w3.org%2F2000%2Fsvg&#39;%20viewBox%3D&#39;0%200%20494%20494&#39;%2F%3E\" data-src=\"https:\/\/www.josefbecvar.com\/wp-content\/uploads\/whatsapp-image-2020-07-19-at-17-37-15-494x494.jpeg\" data-srcset=\"https:\/\/www.josefbecvar.com\/wp-content\/uploads\/whatsapp-image-2020-07-19-at-17-37-15-494x494.jpeg 494w\" alt=\"\" title=\"WhatsApp Image 2020-07-19 at 17.37.15\" width=\"494\" height=\"494\"  \/><\/a>\t<\/div>\n<\/div>\n\n\n<div class=\"post-entry-content\">\n\t<div class=\"post-entry-wrapper\">\n\t\t\t\t<h3 class=\"entry-title\">\n\t\t\t<a href=\"https:\/\/www.josefbecvar.com\/en\/spolecna-obrana-eu-potrebuje-jednotnou-legislativu\/\" title=\"The EU&#8217;s common defense needs uniform legislation\" rel=\"bookmark\">The EU&#8217;s common defense needs uniform legislation<\/a>\n\t\t<\/h3>\n\n\t\t\n\t\t\n\t\t\n\t<\/div>\n<\/div><\/article><article class=\"post post-56367 type-post status-publish format-standard has-post-thumbnail hentry category-novinky category-380 description-off\" data-name=\"Aviation technology shared within the terms of NATO\" data-date=\"2020-07-14T11:05:36+00:00\">\n\n<div class=\"post-thumbnail-wrap\">\n\t<div class=\"post-thumbnail\">\n\t\t\n\t\t<span class=\"fancy-categories\"><a href=\"https:\/\/www.josefbecvar.com\/en\/category\/novinky\/\" rel=\"category tag\" style=\"background-color:#;color:#;\">News<\/a><\/span>\n\t\t<a href=\"https:\/\/www.josefbecvar.com\/en\/sdilena-letecka-technika-v-ramci-nato\/\" class=\"post-thumbnail-rollover layzr-bg\" ><img class=\"preload-me owl-lazy-load\" src=\"data:image\/svg+xml,%3Csvg%20xmlns%3D&#39;http%3A%2F%2Fwww.w3.org%2F2000%2Fsvg&#39;%20viewBox%3D&#39;0%200%20768%20768&#39;%2F%3E\" data-src=\"https:\/\/www.josefbecvar.com\/wp-content\/uploads\/whatsapp-image-2020-07-14-at-12-01-26-768x768.jpeg\" data-srcset=\"https:\/\/www.josefbecvar.com\/wp-content\/uploads\/whatsapp-image-2020-07-14-at-12-01-26-768x768.jpeg 768w, https:\/\/www.josefbecvar.com\/wp-content\/uploads\/whatsapp-image-2020-07-14-at-12-01-26-1084x1084.jpeg 1084w\" alt=\"\" title=\"WhatsApp Image 2020-07-14 at 12.01.26\" width=\"768\" height=\"768\"  \/><\/a>\t<\/div>\n<\/div>\n\n\n<div class=\"post-entry-content\">\n\t<div class=\"post-entry-wrapper\">\n\t\t\t\t<h3 class=\"entry-title\">\n\t\t\t<a href=\"https:\/\/www.josefbecvar.com\/en\/sdilena-letecka-technika-v-ramci-nato\/\" title=\"Aviation technology shared within the terms of NATO\" rel=\"bookmark\">Aviation technology shared within the terms of NATO<\/a>\n\t\t<\/h3>\n\n\t\t\n\t\t\n\t\t\n\t<\/div>\n<\/div><\/article><article class=\"post post-56359 type-post status-publish format-standard has-post-thumbnail hentry category-novinky category-380 description-off\" data-name=\"Polish soldiers will receive Fords instead of Nissans\" data-date=\"2020-07-01T12:07:32+00:00\">\n\n<div class=\"post-thumbnail-wrap\">\n\t<div class=\"post-thumbnail\">\n\t\t\n\t\t<span class=\"fancy-categories\"><a href=\"https:\/\/www.josefbecvar.com\/en\/category\/novinky\/\" rel=\"category tag\" style=\"background-color:#;color:#;\">News<\/a><\/span>\n\t\t<a href=\"https:\/\/www.josefbecvar.com\/en\/polsti-vojaci-dostanou-misto-nissanu-fordy\/\" class=\"post-thumbnail-rollover layzr-bg\" ><img class=\"preload-me owl-lazy-load\" src=\"data:image\/svg+xml,%3Csvg%20xmlns%3D&#39;http%3A%2F%2Fwww.w3.org%2F2000%2Fsvg&#39;%20viewBox%3D&#39;0%200%20476%20476&#39;%2F%3E\" data-src=\"https:\/\/www.josefbecvar.com\/wp-content\/uploads\/ranger4-476x476.jpg\" data-srcset=\"https:\/\/www.josefbecvar.com\/wp-content\/uploads\/ranger4-476x476.jpg 476w\" alt=\"\" title=\"ranger4\" width=\"476\" height=\"476\"  \/><\/a>\t<\/div>\n<\/div>\n\n\n<div class=\"post-entry-content\">\n\t<div class=\"post-entry-wrapper\">\n\t\t\t\t<h3 class=\"entry-title\">\n\t\t\t<a href=\"https:\/\/www.josefbecvar.com\/en\/polsti-vojaci-dostanou-misto-nissanu-fordy\/\" title=\"Polish soldiers will receive Fords instead of Nissans\" rel=\"bookmark\">Polish soldiers will receive Fords instead of Nissans<\/a>\n\t\t<\/h3>\n\n\t\t\n\t\t\n\t\t\n\t<\/div>\n<\/div><\/article><article class=\"post post-56334 type-post status-publish format-standard has-post-thumbnail hentry category-novinky category-380 description-off\" data-name=\"Dentist\u2019s Chair Versus Tank\" data-date=\"2020-06-21T09:16:21+00:00\">\n\n<div class=\"post-thumbnail-wrap\">\n\t<div class=\"post-thumbnail\">\n\t\t\n\t\t<span class=\"fancy-categories\"><a href=\"https:\/\/www.josefbecvar.com\/en\/category\/novinky\/\" rel=\"category tag\" style=\"background-color:#;color:#;\">News<\/a><\/span>\n\t\t<a href=\"https:\/\/www.josefbecvar.com\/en\/zubarske-kreslo-versus-tank\/\" class=\"post-thumbnail-rollover layzr-bg\" ><img class=\"preload-me owl-lazy-load\" src=\"data:image\/svg+xml,%3Csvg%20xmlns%3D&#39;http%3A%2F%2Fwww.w3.org%2F2000%2Fsvg&#39;%20viewBox%3D&#39;0%200%20428%20428&#39;%2F%3E\" data-src=\"https:\/\/www.josefbecvar.com\/wp-content\/uploads\/t72-428x428.jpg\" data-srcset=\"https:\/\/www.josefbecvar.com\/wp-content\/uploads\/t72-428x428.jpg 428w\" alt=\"\" title=\"T72\" width=\"428\" height=\"428\"  \/><\/a>\t<\/div>\n<\/div>\n\n\n<div class=\"post-entry-content\">\n\t<div class=\"post-entry-wrapper\">\n\t\t\t\t<h3 class=\"entry-title\">\n\t\t\t<a href=\"https:\/\/www.josefbecvar.com\/en\/zubarske-kreslo-versus-tank\/\" title=\"Dentist\u2019s Chair Versus Tank\" rel=\"bookmark\">Dentist\u2019s Chair Versus Tank<\/a>\n\t\t<\/h3>\n\n\t\t\n\t\t\n\t\t\n\t<\/div>\n<\/div><\/article><article class=\"post post-56331 type-post status-publish format-standard has-post-thumbnail hentry category-novinky category-380 description-off\" data-name=\"COVID-19 Will Not Jeopardise Czech Armed Forces Modernisation Programmes\" data-date=\"2020-06-14T13:09:45+00:00\">\n\n<div class=\"post-thumbnail-wrap\">\n\t<div class=\"post-thumbnail\">\n\t\t\n\t\t<span class=\"fancy-categories\"><a href=\"https:\/\/www.josefbecvar.com\/en\/category\/novinky\/\" rel=\"category tag\" style=\"background-color:#;color:#;\">News<\/a><\/span>\n\t\t<a href=\"https:\/\/www.josefbecvar.com\/en\/covid-19-programy-modernizace-acr-neohrozi\/\" class=\"post-thumbnail-rollover layzr-bg\" ><img class=\"preload-me owl-lazy-load\" src=\"data:image\/svg+xml,%3Csvg%20xmlns%3D&#39;http%3A%2F%2Fwww.w3.org%2F2000%2Fsvg&#39;%20viewBox%3D&#39;0%200%20530%20530&#39;%2F%3E\" data-src=\"https:\/\/www.josefbecvar.com\/wp-content\/uploads\/josef-becvar-24-530x530.jpg\" data-srcset=\"https:\/\/www.josefbecvar.com\/wp-content\/uploads\/josef-becvar-24-530x530.jpg 530w\" alt=\"Josef Be\u010dv\u00e1\u0159\" title=\"Josef Be\u010dv\u00e1\u0159\" width=\"530\" height=\"530\"  \/><\/a>\t<\/div>\n<\/div>\n\n\n<div class=\"post-entry-content\">\n\t<div class=\"post-entry-wrapper\">\n\t\t\t\t<h3 class=\"entry-title\">\n\t\t\t<a href=\"https:\/\/www.josefbecvar.com\/en\/covid-19-programy-modernizace-acr-neohrozi\/\" title=\"COVID-19 Will Not Jeopardise Czech Armed Forces Modernisation Programmes\" rel=\"bookmark\">COVID-19 Will Not Jeopardise Czech Armed Forces Modernisation Programmes<\/a>\n\t\t<\/h3>\n\n\t\t\n\t\t\n\t\t\n\t<\/div>\n<\/div><\/article><article class=\"post post-56316 type-post status-publish format-standard has-post-thumbnail hentry category-novinky category-380 description-off\" data-name=\"There is still time to make conclusions following COVID-19\u2026\" data-date=\"2020-05-04T16:04:59+00:00\">\n\n<div class=\"post-thumbnail-wrap\">\n\t<div class=\"post-thumbnail\">\n\t\t\n\t\t<span class=\"fancy-categories\"><a href=\"https:\/\/www.josefbecvar.com\/en\/category\/novinky\/\" rel=\"category tag\" style=\"background-color:#;color:#;\">News<\/a><\/span>\n\t\t<a href=\"https:\/\/www.josefbecvar.com\/en\/na-zavery-po-covid-19-mame-jeste-cas\/\" class=\"post-thumbnail-rollover layzr-bg\" ><img class=\"preload-me owl-lazy-load\" src=\"data:image\/svg+xml,%3Csvg%20xmlns%3D&#39;http%3A%2F%2Fwww.w3.org%2F2000%2Fsvg&#39;%20viewBox%3D&#39;0%200%20768%20768&#39;%2F%3E\" data-src=\"https:\/\/www.josefbecvar.com\/wp-content\/uploads\/josef-becvar-foto-5-768x768.jpg\" data-srcset=\"https:\/\/www.josefbecvar.com\/wp-content\/uploads\/josef-becvar-foto-5-768x768.jpg 768w, https:\/\/www.josefbecvar.com\/wp-content\/uploads\/josef-becvar-foto-5-800x800.jpg 800w\" alt=\"Josef Be\u010dv\u00e1\u0159\" title=\"Josef Be\u010dv\u00e1\u0159\" width=\"768\" height=\"768\"  \/><\/a>\t<\/div>\n<\/div>\n\n\n<div class=\"post-entry-content\">\n\t<div class=\"post-entry-wrapper\">\n\t\t\t\t<h3 class=\"entry-title\">\n\t\t\t<a href=\"https:\/\/www.josefbecvar.com\/en\/na-zavery-po-covid-19-mame-jeste-cas\/\" title=\"There is still time to make conclusions following COVID-19\u2026\" rel=\"bookmark\">There is still time to make conclusions following COVID-19\u2026<\/a>\n\t\t<\/h3>\n\n\t\t\n\t\t\n\t\t\n\t<\/div>\n<\/div><\/article><article class=\"post post-56321 type-post status-publish format-standard has-post-thumbnail hentry category-napsali-o-mne category-379 description-off\" data-name=\"\u010cesk\u00e1 arm\u00e1da? Te\u010f j\u00ed asi bude je\u0161t\u011b h\u016f\u0159&#8230;\" data-date=\"2020-04-25T12:15:23+00:00\">\n\n<div class=\"post-thumbnail-wrap\">\n\t<div class=\"post-thumbnail\">\n\t\t\n\t\t<span class=\"fancy-categories\"><a href=\"https:\/\/www.josefbecvar.com\/en\/category\/napsali-o-mne\/\" rel=\"category tag\" style=\"background-color:#;color:#;\">They wrote about me<\/a><\/span>\n\t\t<a href=\"https:\/\/www.josefbecvar.com\/en\/ceska-armada-ted-ji-asi-bude-jeste-hur\/\" class=\"post-thumbnail-rollover layzr-bg\" ><img class=\"preload-me owl-lazy-load\" src=\"data:image\/svg+xml,%3Csvg%20xmlns%3D&#39;http%3A%2F%2Fwww.w3.org%2F2000%2Fsvg&#39;%20viewBox%3D&#39;0%200%20768%20768&#39;%2F%3E\" data-src=\"https:\/\/www.josefbecvar.com\/wp-content\/uploads\/jb-mfdnes-768x768.jpg\" data-srcset=\"https:\/\/www.josefbecvar.com\/wp-content\/uploads\/jb-mfdnes-768x768.jpg 768w, https:\/\/www.josefbecvar.com\/wp-content\/uploads\/jb-mfdnes-1152x1152.jpg 1152w\" alt=\"\" title=\"JB MFDNES\" width=\"768\" height=\"768\"  \/><\/a>\t<\/div>\n<\/div>\n\n\n<div class=\"post-entry-content\">\n\t<div class=\"post-entry-wrapper\">\n\t\t\t\t<h3 class=\"entry-title\">\n\t\t\t<a href=\"https:\/\/www.josefbecvar.com\/en\/ceska-armada-ted-ji-asi-bude-jeste-hur\/\" title=\"\u010cesk\u00e1 arm\u00e1da? Te\u010f j\u00ed asi bude je\u0161t\u011b h\u016f\u0159&#8230;\" rel=\"bookmark\">\u010cesk\u00e1 arm\u00e1da? Te\u010f j\u00ed asi bude je\u0161t\u011b h\u016f\u0159&#8230;<\/a>\n\t\t<\/h3>\n\n\t\t\n\t\t\n\t\t\n\t<\/div>\n<\/div><\/article><article class=\"post post-56300 type-post status-publish format-standard has-post-thumbnail hentry category-novinky category-380 description-off\" data-name=\"Czech general to command EU units in Mali\" data-date=\"2020-04-17T15:03:53+00:00\">\n\n<div class=\"post-thumbnail-wrap\">\n\t<div class=\"post-thumbnail\">\n\t\t\n\t\t<span class=\"fancy-categories\"><a href=\"https:\/\/www.josefbecvar.com\/en\/category\/novinky\/\" rel=\"category tag\" style=\"background-color:#;color:#;\">News<\/a><\/span>\n\t\t<a href=\"https:\/\/www.josefbecvar.com\/en\/jednotkam-eu-v-mali-bude-velet-cesky-general\/\" class=\"post-thumbnail-rollover layzr-bg\" ><img class=\"preload-me owl-lazy-load\" src=\"data:image\/svg+xml,%3Csvg%20xmlns%3D&#39;http%3A%2F%2Fwww.w3.org%2F2000%2Fsvg&#39;%20viewBox%3D&#39;0%200%20640%20640&#39;%2F%3E\" data-src=\"https:\/\/www.josefbecvar.com\/wp-content\/uploads\/whatsapp-image-2020-04-17-at-17-26-40-640x640.jpeg\" data-srcset=\"https:\/\/www.josefbecvar.com\/wp-content\/uploads\/whatsapp-image-2020-04-17-at-17-26-40-640x640.jpeg 640w\" alt=\"\"  width=\"640\" height=\"640\"  \/><\/a>\t<\/div>\n<\/div>\n\n\n<div class=\"post-entry-content\">\n\t<div class=\"post-entry-wrapper\">\n\t\t\t\t<h3 class=\"entry-title\">\n\t\t\t<a href=\"https:\/\/www.josefbecvar.com\/en\/jednotkam-eu-v-mali-bude-velet-cesky-general\/\" title=\"Czech general to command EU units in Mali\" rel=\"bookmark\">Czech general to command EU units in Mali<\/a>\n\t\t<\/h3>\n\n\t\t\n\t\t\n\t\t\n\t<\/div>\n<\/div><\/article><article class=\"post post-56241 type-post status-publish format-standard has-post-thumbnail hentry category-novinky category-380 description-off\" data-name=\"Multirole off-road vehicles for Czech Armed Forces\" data-date=\"2020-04-03T12:28:12+00:00\">\n\n<div class=\"post-thumbnail-wrap\">\n\t<div class=\"post-thumbnail\">\n\t\t\n\t\t<span class=\"fancy-categories\"><a href=\"https:\/\/www.josefbecvar.com\/en\/category\/novinky\/\" rel=\"category tag\" style=\"background-color:#;color:#;\">News<\/a><\/span>\n\t\t<a href=\"https:\/\/www.josefbecvar.com\/en\/viceucelova-terenni-vozidla-pro-acr\/\" class=\"post-thumbnail-rollover layzr-bg\" ><img class=\"preload-me owl-lazy-load\" src=\"data:image\/svg+xml,%3Csvg%20xmlns%3D&#39;http%3A%2F%2Fwww.w3.org%2F2000%2Fsvg&#39;%20viewBox%3D&#39;0%200%20768%20768&#39;%2F%3E\" data-src=\"https:\/\/www.josefbecvar.com\/wp-content\/uploads\/jb-podpis-nissan_3-768x768.jpg\" data-srcset=\"https:\/\/www.josefbecvar.com\/wp-content\/uploads\/jb-podpis-nissan_3-768x768.jpg 768w, https:\/\/www.josefbecvar.com\/wp-content\/uploads\/jb-podpis-nissan_3-1152x1152.jpg 1152w\" alt=\"\" title=\"JB Podpis Nissan_3\" width=\"768\" height=\"768\"  \/><\/a>\t<\/div>\n<\/div>\n\n\n<div class=\"post-entry-content\">\n\t<div class=\"post-entry-wrapper\">\n\t\t\t\t<h3 class=\"entry-title\">\n\t\t\t<a href=\"https:\/\/www.josefbecvar.com\/en\/viceucelova-terenni-vozidla-pro-acr\/\" title=\"Multirole off-road vehicles for Czech Armed Forces\" rel=\"bookmark\">Multirole off-road vehicles for Czech Armed Forces<\/a>\n\t\t<\/h3>\n\n\t\t\n\t\t\n\t\t\n\t<\/div>\n<\/div><\/article><article class=\"post post-56234 type-post status-publish format-standard has-post-thumbnail hentry category-novinky category-380 description-off\" data-name=\"Czech Armed Forces during the virus outbreak\" data-date=\"2020-03-30T19:03:32+00:00\">\n\n<div class=\"post-thumbnail-wrap\">\n\t<div class=\"post-thumbnail\">\n\t\t\n\t\t<span class=\"fancy-categories\"><a href=\"https:\/\/www.josefbecvar.com\/en\/category\/novinky\/\" rel=\"category tag\" style=\"background-color:#;color:#;\">News<\/a><\/span>\n\t\t<a href=\"https:\/\/www.josefbecvar.com\/en\/acr-v-podminkach-epidemie\/\" class=\"post-thumbnail-rollover layzr-bg\" ><img class=\"preload-me owl-lazy-load\" src=\"data:image\/svg+xml,%3Csvg%20xmlns%3D&#39;http%3A%2F%2Fwww.w3.org%2F2000%2Fsvg&#39;%20viewBox%3D&#39;0%200%20768%20768&#39;%2F%3E\" data-src=\"https:\/\/www.josefbecvar.com\/wp-content\/uploads\/foto-ctk4705-768x768.jpeg\" data-srcset=\"https:\/\/www.josefbecvar.com\/wp-content\/uploads\/foto-ctk4705-768x768.jpeg 768w, https:\/\/www.josefbecvar.com\/wp-content\/uploads\/foto-ctk4705-1065x1065.jpeg 1065w\" alt=\"Foto \u010cTK\"  width=\"768\" height=\"768\"  \/><\/a>\t<\/div>\n<\/div>\n\n\n<div class=\"post-entry-content\">\n\t<div class=\"post-entry-wrapper\">\n\t\t\t\t<h3 class=\"entry-title\">\n\t\t\t<a href=\"https:\/\/www.josefbecvar.com\/en\/acr-v-podminkach-epidemie\/\" title=\"Czech Armed Forces during the virus outbreak\" rel=\"bookmark\">Czech Armed Forces during the virus outbreak<\/a>\n\t\t<\/h3>\n\n\t\t\n\t\t\n\t\t\n\t<\/div>\n<\/div><\/article><article class=\"post post-56218 type-post status-publish format-standard has-post-thumbnail hentry category-novinky category-380 description-off\" data-name=\"Czech Military Equipment: Ready for Combat or Not Really?\" data-date=\"2020-03-01T21:06:53+00:00\">\n\n<div class=\"post-thumbnail-wrap\">\n\t<div class=\"post-thumbnail\">\n\t\t\n\t\t<span class=\"fancy-categories\"><a href=\"https:\/\/www.josefbecvar.com\/en\/category\/novinky\/\" rel=\"category tag\" style=\"background-color:#;color:#;\">News<\/a><\/span>\n\t\t<a href=\"https:\/\/www.josefbecvar.com\/en\/bojeschopnost-nebo-nebojeschopnost-vojenske-techniky\/\" class=\"post-thumbnail-rollover layzr-bg\" ><img class=\"preload-me owl-lazy-load\" src=\"data:image\/svg+xml,%3Csvg%20xmlns%3D&#39;http%3A%2F%2Fwww.w3.org%2F2000%2Fsvg&#39;%20viewBox%3D&#39;0%200%20571%20571&#39;%2F%3E\" data-src=\"https:\/\/www.josefbecvar.com\/wp-content\/uploads\/pts3365-571x571.jpg\" data-srcset=\"https:\/\/www.josefbecvar.com\/wp-content\/uploads\/pts3365-571x571.jpg 571w\" alt=\"\" title=\"PTS[3365]\" width=\"571\" height=\"571\"  \/><\/a>\t<\/div>\n<\/div>\n\n\n<div class=\"post-entry-content\">\n\t<div class=\"post-entry-wrapper\">\n\t\t\t\t<h3 class=\"entry-title\">\n\t\t\t<a href=\"https:\/\/www.josefbecvar.com\/en\/bojeschopnost-nebo-nebojeschopnost-vojenske-techniky\/\" title=\"Czech Military Equipment: Ready for Combat or Not Really?\" rel=\"bookmark\">Czech Military Equipment: Ready for Combat or Not Really?<\/a>\n\t\t<\/h3>\n\n\t\t\n\t\t\n\t\t\n\t<\/div>\n<\/div><\/article><article class=\"post post-56203 type-post status-publish format-standard has-post-thumbnail hentry category-novinky category-380 description-off\" data-name=\"Protective helmets\" data-date=\"2020-02-21T13:15:05+00:00\">\n\n<div class=\"post-thumbnail-wrap\">\n\t<div class=\"post-thumbnail\">\n\t\t\n\t\t<span class=\"fancy-categories\"><a href=\"https:\/\/www.josefbecvar.com\/en\/category\/novinky\/\" rel=\"category tag\" style=\"background-color:#;color:#;\">News<\/a><\/span>\n\t\t<a href=\"https:\/\/www.josefbecvar.com\/en\/ochranne-prilby\/\" class=\"post-thumbnail-rollover layzr-bg\" ><img class=\"preload-me owl-lazy-load\" src=\"data:image\/svg+xml,%3Csvg%20xmlns%3D&#39;http%3A%2F%2Fwww.w3.org%2F2000%2Fsvg&#39;%20viewBox%3D&#39;0%200%20768%20768&#39;%2F%3E\" data-src=\"https:\/\/www.josefbecvar.com\/wp-content\/uploads\/josef-becvar-foto-6-768x768.jpg\" data-srcset=\"https:\/\/www.josefbecvar.com\/wp-content\/uploads\/josef-becvar-foto-6-768x768.jpg 768w, https:\/\/www.josefbecvar.com\/wp-content\/uploads\/josef-becvar-foto-6-800x800.jpg 800w\" alt=\"Josef Be\u010dv\u00e1\u0159\" title=\"Josef Be\u010dv\u00e1\u0159\" width=\"768\" height=\"768\"  \/><\/a>\t<\/div>\n<\/div>\n\n\n<div class=\"post-entry-content\">\n\t<div class=\"post-entry-wrapper\">\n\t\t\t\t<h3 class=\"entry-title\">\n\t\t\t<a href=\"https:\/\/www.josefbecvar.com\/en\/ochranne-prilby\/\" title=\"Protective helmets\" rel=\"bookmark\">Protective helmets<\/a>\n\t\t<\/h3>\n\n\t\t\n\t\t\n\t\t\n\t<\/div>\n<\/div><\/article><article class=\"post post-56222 type-post status-publish format-standard has-post-thumbnail hentry category-novinky category-380 description-off\" data-name=\"NATO 2019 Summit and Defence Spending\" data-date=\"2020-01-03T10:10:19+00:00\">\n\n<div class=\"post-thumbnail-wrap\">\n\t<div class=\"post-thumbnail\">\n\t\t\n\t\t<span class=\"fancy-categories\"><a href=\"https:\/\/www.josefbecvar.com\/en\/category\/novinky\/\" rel=\"category tag\" style=\"background-color:#;color:#;\">News<\/a><\/span>\n\t\t<a href=\"https:\/\/www.josefbecvar.com\/en\/summit-nato-2019-a-vydaje-na-obranu\/\" class=\"post-thumbnail-rollover layzr-bg\" ><img class=\"preload-me owl-lazy-load\" src=\"data:image\/svg+xml,%3Csvg%20xmlns%3D&#39;http%3A%2F%2Fwww.w3.org%2F2000%2Fsvg&#39;%20viewBox%3D&#39;0%200%20434%20434&#39;%2F%3E\" data-src=\"https:\/\/www.josefbecvar.com\/wp-content\/uploads\/m027edb81_natosummit2019-434x434.jpg\" data-srcset=\"https:\/\/www.josefbecvar.com\/wp-content\/uploads\/m027edb81_natosummit2019-434x434.jpg 434w\" alt=\"\" title=\"M027edb81_NATOSummit2019\" width=\"434\" height=\"434\"  \/><\/a>\t<\/div>\n<\/div>\n\n\n<div class=\"post-entry-content\">\n\t<div class=\"post-entry-wrapper\">\n\t\t\t\t<h3 class=\"entry-title\">\n\t\t\t<a href=\"https:\/\/www.josefbecvar.com\/en\/summit-nato-2019-a-vydaje-na-obranu\/\" title=\"NATO 2019 Summit and Defence Spending\" rel=\"bookmark\">NATO 2019 Summit and Defence Spending<\/a>\n\t\t<\/h3>\n\n\t\t\n\t\t\n\t\t\n\t<\/div>\n<\/div><\/article><article class=\"post post-56098 type-post status-publish format-standard has-post-thumbnail hentry category-novinky category-380 description-off\" data-name=\"Active Reserves Are Proving Their Worth\" data-date=\"2019-11-27T11:29:07+00:00\">\n\n<div class=\"post-thumbnail-wrap\">\n\t<div class=\"post-thumbnail\">\n\t\t\n\t\t<span class=\"fancy-categories\"><a href=\"https:\/\/www.josefbecvar.com\/en\/category\/novinky\/\" rel=\"category tag\" style=\"background-color:#;color:#;\">News<\/a><\/span>\n\t\t<a href=\"https:\/\/www.josefbecvar.com\/en\/aktivni-zalohy-se-osvedcuji\/\" class=\"post-thumbnail-rollover layzr-bg\" ><img class=\"preload-me owl-lazy-load\" src=\"data:image\/svg+xml,%3Csvg%20xmlns%3D&#39;http%3A%2F%2Fwww.w3.org%2F2000%2Fsvg&#39;%20viewBox%3D&#39;0%200%20730%20730&#39;%2F%3E\" data-src=\"https:\/\/www.josefbecvar.com\/wp-content\/uploads\/pandur-730x730.jpg\" data-srcset=\"https:\/\/www.josefbecvar.com\/wp-content\/uploads\/pandur-730x730.jpg 730w\" alt=\"\u010cesk\u00e1 arm\u00e1da Pandur\" title=\"\u010cesk\u00e1 arm\u00e1da Pandur\" width=\"730\" height=\"730\"  \/><\/a>\t<\/div>\n<\/div>\n\n\n<div class=\"post-entry-content\">\n\t<div class=\"post-entry-wrapper\">\n\t\t\t\t<h3 class=\"entry-title\">\n\t\t\t<a href=\"https:\/\/www.josefbecvar.com\/en\/aktivni-zalohy-se-osvedcuji\/\" title=\"Active Reserves Are Proving Their Worth\" rel=\"bookmark\">Active Reserves Are Proving Their Worth<\/a>\n\t\t<\/h3>\n\n\t\t\n\t\t\n\t\t\n\t<\/div>\n<\/div><\/article><article class=\"post post-56092 type-post status-publish format-standard has-post-thumbnail hentry category-novinky category-380 description-off\" data-name=\"The Concept of the Czech Armed Forces Is Taking Shape\" data-date=\"2019-11-20T11:22:04+00:00\">\n\n<div class=\"post-thumbnail-wrap\">\n\t<div class=\"post-thumbnail\">\n\t\t\n\t\t<span class=\"fancy-categories\"><a href=\"https:\/\/www.josefbecvar.com\/en\/category\/novinky\/\" rel=\"category tag\" style=\"background-color:#;color:#;\">News<\/a><\/span>\n\t\t<a href=\"https:\/\/www.josefbecvar.com\/en\/koncepce-vystavby-armady-dostava-jasne-obrysy\/\" class=\"post-thumbnail-rollover layzr-bg\" ><img class=\"preload-me owl-lazy-load\" src=\"data:image\/svg+xml,%3Csvg%20xmlns%3D&#39;http%3A%2F%2Fwww.w3.org%2F2000%2Fsvg&#39;%20viewBox%3D&#39;0%200%20730%20730&#39;%2F%3E\" data-src=\"https:\/\/www.josefbecvar.com\/wp-content\/uploads\/ceska-armada-pandur-730x730.jpg\" data-srcset=\"https:\/\/www.josefbecvar.com\/wp-content\/uploads\/ceska-armada-pandur-730x730.jpg 730w\" alt=\"\u010cesk\u00e1 arm\u00e1da Pandur\" title=\"\u010cesk\u00e1 arm\u00e1da Pandur\" width=\"730\" height=\"730\"  \/><\/a>\t<\/div>\n<\/div>\n\n\n<div class=\"post-entry-content\">\n\t<div class=\"post-entry-wrapper\">\n\t\t\t\t<h3 class=\"entry-title\">\n\t\t\t<a href=\"https:\/\/www.josefbecvar.com\/en\/koncepce-vystavby-armady-dostava-jasne-obrysy\/\" title=\"The Concept of the Czech Armed Forces Is Taking Shape\" rel=\"bookmark\">The Concept of the Czech Armed Forces Is Taking Shape<\/a>\n\t\t<\/h3>\n\n\t\t\n\t\t\n\t\t\n\t<\/div>\n<\/div><\/article><article class=\"post post-56057 type-post status-publish format-standard has-post-thumbnail hentry category-napsali-o-mne category-379 description-off\" data-name=\"The Former Commander of the Czech Army, Josef Be\u010dv\u00e1\u0159, Defended the Acquisition of CASA Aircraft in Court. They Proved to Be Perfect, He Said\" data-date=\"2019-08-16T10:37:38+00:00\">\n\n<div class=\"post-thumbnail-wrap\">\n\t<div class=\"post-thumbnail\">\n\t\t\n\t\t<span class=\"fancy-categories\"><a href=\"https:\/\/www.josefbecvar.com\/en\/category\/napsali-o-mne\/\" rel=\"category tag\" style=\"background-color:#;color:#;\">They wrote about me<\/a><\/span>\n\t\t<a href=\"https:\/\/www.josefbecvar.com\/en\/byvaly-sef-armady-becvar-hajil-u-soudu-porizeni-letounu-casa-stoprocentne-se-osvedcily-rekl\/\" class=\"post-thumbnail-rollover layzr-bg\" ><img class=\"preload-me owl-lazy-load\" src=\"data:image\/svg+xml,%3Csvg%20xmlns%3D&#39;http%3A%2F%2Fwww.w3.org%2F2000%2Fsvg&#39;%20viewBox%3D&#39;0%200%20495%20495&#39;%2F%3E\" data-src=\"https:\/\/www.josefbecvar.com\/wp-content\/uploads\/letouny-casa-495x495.jpg\" data-srcset=\"https:\/\/www.josefbecvar.com\/wp-content\/uploads\/letouny-casa-495x495.jpg 495w\" alt=\"Letouny CASA\" title=\"Letouny CASA\" width=\"495\" height=\"495\"  \/><\/a>\t<\/div>\n<\/div>\n\n\n<div class=\"post-entry-content\">\n\t<div class=\"post-entry-wrapper\">\n\t\t\t\t<h3 class=\"entry-title\">\n\t\t\t<a href=\"https:\/\/www.josefbecvar.com\/en\/byvaly-sef-armady-becvar-hajil-u-soudu-porizeni-letounu-casa-stoprocentne-se-osvedcily-rekl\/\" title=\"The Former Commander of the Czech Army, Josef Be\u010dv\u00e1\u0159, Defended the Acquisition of CASA Aircraft in Court. They Proved to Be Perfect, He Said\" rel=\"bookmark\">The Former Commander of the Czech Army, Josef Be\u010dv\u00e1\u0159, Defended the Acquisition of CASA Aircraft in Court. They Proved to Be Perfect, He Said<\/a>\n\t\t<\/h3>\n\n\t\t\n\t\t\n\t\t\n\t<\/div>\n<\/div><\/article><article class=\"post post-56046 type-post status-publish format-standard has-post-thumbnail hentry category-napsali-o-mne category-379 description-off\" data-name=\"Be\u010dv\u00e1\u0159: The Czech Republic Deserves an Army Capable of Facing Current Threats\" data-date=\"2019-01-24T10:22:40+00:00\">\n\n<div class=\"post-thumbnail-wrap\">\n\t<div class=\"post-thumbnail\">\n\t\t\n\t\t<span class=\"fancy-categories\"><a href=\"https:\/\/www.josefbecvar.com\/en\/category\/napsali-o-mne\/\" rel=\"category tag\" style=\"background-color:#;color:#;\">They wrote about me<\/a><\/span>\n\t\t<a href=\"https:\/\/www.josefbecvar.com\/en\/becvar-cesko-si-zaslouzi-armadu-ktera-zvladne-celit-soucasnym-hrozbam\/\" class=\"post-thumbnail-rollover layzr-bg\" ><img class=\"preload-me owl-lazy-load\" src=\"data:image\/svg+xml,%3Csvg%20xmlns%3D&#39;http%3A%2F%2Fwww.w3.org%2F2000%2Fsvg&#39;%20viewBox%3D&#39;0%200%20621%20621&#39;%2F%3E\" data-src=\"https:\/\/www.josefbecvar.com\/wp-content\/uploads\/josef-becvar-27-1-621x621.jpg\" data-srcset=\"https:\/\/www.josefbecvar.com\/wp-content\/uploads\/josef-becvar-27-1-621x621.jpg 621w\" alt=\"Josef Be\u010dv\u00e1\u0159\" title=\"Josef Be\u010dv\u00e1\u0159\" width=\"621\" height=\"621\"  \/><\/a>\t<\/div>\n<\/div>\n\n\n<div class=\"post-entry-content\">\n\t<div class=\"post-entry-wrapper\">\n\t\t\t\t<h3 class=\"entry-title\">\n\t\t\t<a href=\"https:\/\/www.josefbecvar.com\/en\/becvar-cesko-si-zaslouzi-armadu-ktera-zvladne-celit-soucasnym-hrozbam\/\" title=\"Be\u010dv\u00e1\u0159: The Czech Republic Deserves an Army Capable of Facing Current Threats\" rel=\"bookmark\">Be\u010dv\u00e1\u0159: The Czech Republic Deserves an Army Capable of Facing Current Threats<\/a>\n\t\t<\/h3>\n\n\t\t\n\t\t\n\t\t\n\t<\/div>\n<\/div><\/article><article class=\"post post-56019 type-post status-publish format-standard has-post-thumbnail hentry category-napsali-o-mne category-379 description-off\" data-name=\"After 45 years in the Army, Josef Be\u010dv\u00e1\u0159 Is Starting a New Career\" data-date=\"2019-01-15T09:31:37+00:00\">\n\n<div class=\"post-thumbnail-wrap\">\n\t<div class=\"post-thumbnail\">\n\t\t\n\t\t<span class=\"fancy-categories\"><a href=\"https:\/\/www.josefbecvar.com\/en\/category\/napsali-o-mne\/\" rel=\"category tag\" style=\"background-color:#;color:#;\">They wrote about me<\/a><\/span>\n\t\t<a href=\"https:\/\/www.josefbecvar.com\/en\/josef-becvar-po-45-letech-sluzby-v-armade-zacina-novou-karieru\/\" class=\"post-thumbnail-rollover layzr-bg\" ><img class=\"preload-me owl-lazy-load\" src=\"data:image\/svg+xml,%3Csvg%20xmlns%3D&#39;http%3A%2F%2Fwww.w3.org%2F2000%2Fsvg&#39;%20viewBox%3D&#39;0%200%20420%20420&#39;%2F%3E\" data-src=\"https:\/\/www.josefbecvar.com\/wp-content\/uploads\/josef-becvar-20-420x420.jpg\" data-srcset=\"https:\/\/www.josefbecvar.com\/wp-content\/uploads\/josef-becvar-20-420x420.jpg 420w\" alt=\"Josef Be\u010dv\u00e1\u0159\" title=\"Josef Be\u010dv\u00e1\u0159\" width=\"420\" height=\"420\"  \/><\/a>\t<\/div>\n<\/div>\n\n\n<div class=\"post-entry-content\">\n\t<div class=\"post-entry-wrapper\">\n\t\t\t\t<h3 class=\"entry-title\">\n\t\t\t<a href=\"https:\/\/www.josefbecvar.com\/en\/josef-becvar-po-45-letech-sluzby-v-armade-zacina-novou-karieru\/\" title=\"After 45 years in the Army, Josef Be\u010dv\u00e1\u0159 Is Starting a New Career\" rel=\"bookmark\">After 45 years in the Army, Josef Be\u010dv\u00e1\u0159 Is Starting a New Career<\/a>\n\t\t<\/h3>\n\n\t\t\n\t\t\n\t\t\n\t<\/div>\n<\/div><\/article><article class=\"post post-56041 type-post status-publish format-standard has-post-thumbnail hentry category-napsali-o-mne category-379 description-off\" data-name=\"Former Chief of General Staff Josef Be\u010dv\u00e1\u0159 Becomes President Glomex Military Supplies\" data-date=\"2019-01-11T10:16:51+00:00\">\n\n<div class=\"post-thumbnail-wrap\">\n\t<div class=\"post-thumbnail\">\n\t\t\n\t\t<span class=\"fancy-categories\"><a href=\"https:\/\/www.josefbecvar.com\/en\/category\/napsali-o-mne\/\" rel=\"category tag\" style=\"background-color:#;color:#;\">They wrote about me<\/a><\/span>\n\t\t<a href=\"https:\/\/www.josefbecvar.com\/en\/byvaly-nacelnik-generalniho-stabu-josef-becvar-je-nove-prezidentem-zbrojarske-firmy-glomex-military\/\" class=\"post-thumbnail-rollover layzr-bg\" ><img class=\"preload-me owl-lazy-load\" src=\"data:image\/svg+xml,%3Csvg%20xmlns%3D&#39;http%3A%2F%2Fwww.w3.org%2F2000%2Fsvg&#39;%20viewBox%3D&#39;0%200%20720%20720&#39;%2F%3E\" data-src=\"https:\/\/www.josefbecvar.com\/wp-content\/uploads\/josef-becvar-27-720x720.jpg\" data-srcset=\"https:\/\/www.josefbecvar.com\/wp-content\/uploads\/josef-becvar-27-720x720.jpg 720w\" alt=\"Josef Be\u010dv\u00e1\u0159\" title=\"Josef Be\u010dv\u00e1\u0159\" width=\"720\" height=\"720\"  \/><\/a>\t<\/div>\n<\/div>\n\n\n<div class=\"post-entry-content\">\n\t<div class=\"post-entry-wrapper\">\n\t\t\t\t<h3 class=\"entry-title\">\n\t\t\t<a href=\"https:\/\/www.josefbecvar.com\/en\/byvaly-nacelnik-generalniho-stabu-josef-becvar-je-nove-prezidentem-zbrojarske-firmy-glomex-military\/\" title=\"Former Chief of General Staff Josef Be\u010dv\u00e1\u0159 Becomes President Glomex Military Supplies\" rel=\"bookmark\">Former Chief of General Staff Josef Be\u010dv\u00e1\u0159 Becomes President Glomex Military Supplies<\/a>\n\t\t<\/h3>\n\n\t\t\n\t\t\n\t\t\n\t<\/div>\n<\/div><\/article><\/div>[vc_empty_space height=&#8221;65px&#8221;]<style type=\"text\/css\">#dt-btn-2 {color: #000000;}#dt-btn-2 > .text-wrap * {color: #000000;}#dt-btn-2:hover {color: #ffffff;}#dt-btn-2:hover > .text-wrap * {color: #ffffff;}<\/style><div class=\"text-centered\"><a href=\"\/archiv-prispevku\/\" class=\"btn-shortcode dt-btn-l dt-btn outline-bg-btn custom-btn-color custom-btn-hover-color default-btn-bg-color accent-btn-bg-hover-color\" id=\"dt-btn-2\"><span>Other posts<\/span><\/a><\/div>[\/vc_column][\/vc_row][vc_row full_width=&#8221;stretch_row&#8221; full_height=&#8221;yes&#8221; css=&#8221;.vc_custom_1574790775878{padding-top: 30px !important;padding-bottom: 30px !important;background-image: url(https:\/\/www.josefbecvar.com\/wp-content\/uploads\/josef-becvar-3.jpg?id=55921) !important;background-position: center !important;background-repeat: no-repeat !important;background-size: cover !important;}&#8221; el_id=&#8221;kdojsem&#8221;][vc_column width=&#8221;1\/2&#8243; css=&#8221;.vc_custom_1574791188866{padding-top: 40px !important;padding-right: 40px !important;padding-bottom: 40px !important;padding-left: 40px !important;background-color: rgba(0,0,0,0.4) !important;*background-color: rgb(0,0,0) !important;border-radius: 20px !important;}&#8221;][vc_column_text]<\/p>\n<h2><span style=\"color: #ffffff;\">Who am I?<\/span><\/h2>\n<p>[\/vc_column_text][vc_empty_space height=&#8221;65px&#8221;][vc_column_text el_class=&#8221;bigger&#8221;]<span style=\"color: #ffffff;\">I come from Pilsen, and I spent my entire professional life, almost 45 years, in the army. I reached the rank of an Army General, and the highlight of my career was the position of Chief of the General Staff of the Czech Army. In 2018 I retired, and now I am the CEO of ZETOR DEFENCE, a.s. At the same time, I am the Vice President for Strategic Planning of the Association of Defence and Security Industry of the Czech Republic.<\/span>[\/vc_column_text][vc_empty_space height=&#8221;85px&#8221;]<style type=\"text\/css\" data-type=\"the7_shortcodes-inline-css\">#default-btn-cb69d256d352813454a193d3dec93d61.ico-right-side > i {\n  margin-right: 0px;\n  margin-left: 8px;\n}\n#default-btn-cb69d256d352813454a193d3dec93d61 > i {\n  margin-right: 8px;\n}\n<\/style><a href=\"\/o-mne\/\" class=\"default-btn-shortcode dt-btn dt-btn-l link-hover-off btn-inline-left \" id=\"default-btn-cb69d256d352813454a193d3dec93d61\"><span>My story<\/span><\/a><style type=\"text\/css\" data-type=\"the7_shortcodes-inline-css\">#default-btn-f3c642a748a793f88181f1298cefb69d.ico-right-side > i {\n  margin-right: 0px;\n  margin-left: 8px;\n}\n#default-btn-f3c642a748a793f88181f1298cefb69d > i {\n  margin-right: 8px;\n}\n<\/style><a href=\"https:\/\/www.josefbecvar.com\/me-aktivity\/\" class=\"default-btn-shortcode dt-btn dt-btn-l link-hover-off btn-inline-right \" id=\"default-btn-f3c642a748a793f88181f1298cefb69d\" title=\"M\u00e9 aktivity\"><span>My activities<\/span><\/a>[\/vc_column][vc_column width=&#8221;1\/2&#8243;][\/vc_column][\/vc_row][vc_row][vc_column][vc_empty_space height=&#8221;50px&#8221;][\/vc_column][\/vc_row][vc_row css=&#8221;.vc_custom_1574776395765{padding-top: 50px !important;padding-bottom: 125px !important;}&#8221; el_id=&#8221;fotogalerie&#8221;][vc_column][vc_column_text]<\/p>\n<h2>Gallery<\/h2>\n<p>[\/vc_column_text][vc_empty_space height=&#8221;45px&#8221;]<style type=\"text\/css\" data-type=\"the7_shortcodes-inline-css\">.gallery-carousel-shortcode.gallery-carousel-shortcode-id-470466ea6f2a304f84ab236860719ff4 .owl-nav a {\n  width: 36px;\n  height: 36px;\n  border-radius: 500px;\n}\n.dt-arrow-border-on.gallery-carousel-shortcode.gallery-carousel-shortcode-id-470466ea6f2a304f84ab236860719ff4 .owl-nav a:not(:hover):before {\n  border-width: 0px;\n}\n.dt-arrow-hover-border-on.gallery-carousel-shortcode.gallery-carousel-shortcode-id-470466ea6f2a304f84ab236860719ff4 .owl-nav a:hover:after {\n  border-width: 0px;\n}\n.gallery-carousel-shortcode.gallery-carousel-shortcode-id-470466ea6f2a304f84ab236860719ff4 .owl-nav a.owl-prev {\n  top: 50%;\n  transform: translateY(calc(-50% + 0px));\n  left: -43px;\n}\n@media all and (-ms-high-contrast: none) {\n  .gallery-carousel-shortcode.gallery-carousel-shortcode-id-470466ea6f2a304f84ab236860719ff4 .owl-nav a.owl-prev {\n    transform: translateY(-50%);\n    margin-top: 0px;\n  }\n}\n.gallery-carousel-shortcode.gallery-carousel-shortcode-id-470466ea6f2a304f84ab236860719ff4 .owl-nav a.owl-prev i {\n  padding: 0px 0px 0px 0px;\n}\n.gallery-carousel-shortcode.gallery-carousel-shortcode-id-470466ea6f2a304f84ab236860719ff4 .owl-nav a.owl-next {\n  top: 50%;\n  transform: translateY(calc(-50% + 0px));\n  right: -43px;\n}\n@media all and (-ms-high-contrast: none) {\n  .gallery-carousel-shortcode.gallery-carousel-shortcode-id-470466ea6f2a304f84ab236860719ff4 .owl-nav a.owl-next {\n    transform: translateY(-50%);\n    margin-top: 0px;\n  }\n}\n.gallery-carousel-shortcode.gallery-carousel-shortcode-id-470466ea6f2a304f84ab236860719ff4 .owl-nav a.owl-next i {\n  padding: 0px 0px 0px 0px;\n}\n.gallery-carousel-shortcode.gallery-carousel-shortcode-id-470466ea6f2a304f84ab236860719ff4 .owl-nav i {\n  font-size: 18px;\n}\n.gallery-carousel-shortcode.gallery-carousel-shortcode-id-470466ea6f2a304f84ab236860719ff4 .owl-nav a:not(:hover) i,\n.gallery-carousel-shortcode.gallery-carousel-shortcode-id-470466ea6f2a304f84ab236860719ff4 .owl-nav a:not(:hover) i:before {\n  color: #ffffff;\n  background: none;\n}\n.gallery-carousel-shortcode.gallery-carousel-shortcode-id-470466ea6f2a304f84ab236860719ff4 .owl-nav a:hover i,\n.gallery-carousel-shortcode.gallery-carousel-shortcode-id-470466ea6f2a304f84ab236860719ff4 .owl-nav a:hover i:before {\n  color: rgba(255,255,255,0.75);\n  background: none;\n}\n.gallery-carousel-shortcode.gallery-carousel-shortcode-id-470466ea6f2a304f84ab236860719ff4 .owl-dots {\n  top: calc(100% + 20px);\n  left: 50%;\n  transform: translateX(calc(-50% + 0px));\n}\n@media all and (-ms-high-contrast: none) {\n  .gallery-carousel-shortcode.gallery-carousel-shortcode-id-470466ea6f2a304f84ab236860719ff4 .owl-dots {\n    transform: translateX(-50%);\n    margin-left: 0px;\n  }\n}\n.gallery-carousel-shortcode.gallery-carousel-shortcode-id-470466ea6f2a304f84ab236860719ff4 .owl-dot {\n  width: 10px;\n  height: 10px;\n  margin: 0 8px;\n}\n@media screen and (max-width: 778px) {\n  .gallery-carousel-shortcode.gallery-carousel-shortcode-id-470466ea6f2a304f84ab236860719ff4.hide-arrows .owl-nav a {\n    display: none;\n  }\n}\n@media screen and (max-width: 778px) {\n  .gallery-carousel-shortcode.gallery-carousel-shortcode-id-470466ea6f2a304f84ab236860719ff4.reposition-arrows .owl-nav .owl-prev {\n    top: 50%;\n    transform: translateY(calc(-50% + 0px));\n    left: 10px;\n  }\n  .gallery-carousel-shortcode.gallery-carousel-shortcode-id-470466ea6f2a304f84ab236860719ff4.reposition-arrows .owl-nav .owl-next {\n    top: 50%;\n    transform: translateY(calc(-50% + 0px));\n    right: 10px;\n  }\n}\n@media screen and (max-width: 778px) and all and (-ms-high-contrast: none) {\n  .gallery-carousel-shortcode.gallery-carousel-shortcode-id-470466ea6f2a304f84ab236860719ff4.reposition-arrows .owl-nav .owl-prev {\n    transform: translateY(-50%);\n    margin-top: 0px;\n  }\n}\n@media screen and (max-width: 778px) and all and (-ms-high-contrast: none) {\n  .gallery-carousel-shortcode.gallery-carousel-shortcode-id-470466ea6f2a304f84ab236860719ff4.reposition-arrows .owl-nav .owl-next {\n    transform: translateY(-50%);\n    margin-top: 0px;\n  }\n}\n.gallery-carousel-shortcode.gallery-carousel-shortcode-id-470466ea6f2a304f84ab236860719ff4 figure,\n.gallery-carousel-shortcode.gallery-carousel-shortcode-id-470466ea6f2a304f84ab236860719ff4 .rollover,\n.gallery-carousel-shortcode.gallery-carousel-shortcode-id-470466ea6f2a304f84ab236860719ff4 img,\n.gallery-carousel-shortcode.gallery-carousel-shortcode-id-470466ea6f2a304f84ab236860719ff4 .gallery-rollover {\n  border-radius: 0px;\n}\n.gallery-carousel-shortcode.gallery-carousel-shortcode-id-470466ea6f2a304f84ab236860719ff4.enable-bg-rollover .gallery-rollover {\n  background: -webkit-linear-gradient();\n  background: linear-gradient();\n}\n.gallery-carousel-shortcode.gallery-carousel-shortcode-id-470466ea6f2a304f84ab236860719ff4.enable-img-shadow .owl-stage-outer {\n  padding: 14px 0;\n}\n.gallery-carousel-shortcode.gallery-carousel-shortcode-id-470466ea6f2a304f84ab236860719ff4.enable-bg-rollover.hover-scale figure .rollover:after {\n  background: -webkit-linear-gradient();\n  background: linear-gradient();\n}\n.gallery-carousel-shortcode.gallery-carousel-shortcode-id-470466ea6f2a304f84ab236860719ff4.gallery-shortcode .gallery-zoom-ico {\n  width: 44px;\n  height: 44px;\n  line-height: 44px;\n  border-radius: 100px;\n  margin: -22px 0 0 -22px;\n  border-width: 0px;\n}\n.dt-icon-bg-on.gallery-carousel-shortcode.gallery-carousel-shortcode-id-470466ea6f2a304f84ab236860719ff4.gallery-shortcode .gallery-zoom-ico {\n  background: rgba(255,255,255,0.3);\n  box-shadow: none;\n}\n.gallery-carousel-shortcode.gallery-carousel-shortcode-id-470466ea6f2a304f84ab236860719ff4.gallery-shortcode .gallery-zoom-ico:before,\n.gallery-carousel-shortcode.gallery-carousel-shortcode-id-470466ea6f2a304f84ab236860719ff4.gallery-shortcode .gallery-zoom-ico span {\n  font-size: 32px;\n  line-height: 44px;\n  color: #ffffff;\n  background: none;\n}\n<\/style><div class=\"owl-carousel gallery-carousel-shortcode gallery-shortcode  dt-gallery-container dt-owl-carousel-call gallery-carousel-shortcode-id-470466ea6f2a304f84ab236860719ff4 scale-img enable-bg-rollover meta-info-off dt-arrow-border-on dt-arrow-hover-border-on bullets-small-dot-stroke reposition-arrows dt-icon-bg-off arrows-bg-on disable-arrows-hover-bg arrows-hover-bg-on  hover-fade \" data-scroll-mode=\"1\" data-col-num=\"3\" data-wide-col-num=\"3\" data-laptop-col=\"3\" data-h-tablet-columns-num=\"3\" data-v-tablet-columns-num=\"2\" data-phone-columns-num=\"1\" data-col-gap=\"10\" data-stage-padding=\"0\" data-speed=\"600\" data-autoplay=\"false\" data-autoplay_speed=\"6000\" data-arrows=\"true\" data-bullet=\"false\" data-next-icon=\"icon-ar-017-r\" data-prev-icon=\"icon-ar-017-l\" data-img-shadow-size=\"12px\" data-img-shadow-spread=\"3px\"><div data-post-id=\"56195\" data-date=\"2020-02-13T16:41:51+00:00\" data-name=\"Official portrait of Josef Be\u010dv\u00e1\u0159\"><figure class=\"post\"><a href=\"https:\/\/www.josefbecvar.com\/wp-content\/uploads\/whatsapp-image-2020-01-24-at-12-20-24-1.jpeg\" class=\"rollover dt-pswp-item layzr-bg\" data-large_image_width=\"1131\" data-large_image_height=\"1600\" data-dt-img-description=\"\" title=\"Official portrait of Josef Be\u010dv\u00e1\u0159\"><img class=\"preload-me owl-lazy-load\" src=\"data:image\/svg+xml,%3Csvg%20xmlns%3D&#39;http%3A%2F%2Fwww.w3.org%2F2000%2Fsvg&#39;%20viewBox%3D&#39;0%200%201131%201131&#39;%2F%3E\" data-src=\"https:\/\/www.josefbecvar.com\/wp-content\/uploads\/whatsapp-image-2020-01-24-at-12-20-24-1-1131x1131.jpeg\" data-srcset=\"https:\/\/www.josefbecvar.com\/wp-content\/uploads\/whatsapp-image-2020-01-24-at-12-20-24-1-1131x1131.jpeg 1131w\" alt=\"Ofici\u00e1ln\u00ed portr\u00e9t JB\" width=\"1131\" height=\"1131\"  \/><span class=\"gallery-rollover\"><\/span><\/a><\/figure><\/div><div data-post-id=\"56160\" data-date=\"2019-12-05T18:26:02+00:00\" data-name=\"Josef Be\u010dv\u00e1\u0159\"><figure class=\"post\"><a href=\"https:\/\/www.josefbecvar.com\/wp-content\/uploads\/josef-becvar-011.jpg\" class=\"rollover dt-pswp-item layzr-bg\" data-large_image_width=\"1200\" data-large_image_height=\"800\" data-dt-img-description=\"\" title=\"Josef Be\u010dv\u00e1\u0159\"><img class=\"preload-me owl-lazy-load\" src=\"data:image\/svg+xml,%3Csvg%20xmlns%3D&#39;http%3A%2F%2Fwww.w3.org%2F2000%2Fsvg&#39;%20viewBox%3D&#39;0%200%20800%20800&#39;%2F%3E\" data-src=\"https:\/\/www.josefbecvar.com\/wp-content\/uploads\/josef-becvar-011-800x800.jpg\" data-srcset=\"https:\/\/www.josefbecvar.com\/wp-content\/uploads\/josef-becvar-011-800x800.jpg 800w\" alt=\"Josef Be\u010dv\u00e1\u0159\" width=\"800\" height=\"800\"  \/><span class=\"gallery-rollover\"><\/span><\/a><\/figure><\/div><div data-post-id=\"56197\" data-date=\"2020-02-13T16:42:09+00:00\" data-name=\"With the French Gendarmerie course attendees in Paris\"><figure class=\"post\"><a href=\"https:\/\/www.josefbecvar.com\/wp-content\/uploads\/whatsapp-image-2020-01-24-at-12-28-13-1.jpeg\" class=\"rollover dt-pswp-item layzr-bg\" data-large_image_width=\"1600\" data-large_image_height=\"937\" data-dt-img-description=\"\" title=\"With the French Gendarmerie course attendees in Paris\"><img class=\"preload-me owl-lazy-load\" src=\"data:image\/svg+xml,%3Csvg%20xmlns%3D&#39;http%3A%2F%2Fwww.w3.org%2F2000%2Fsvg&#39;%20viewBox%3D&#39;0%200%20937%20937&#39;%2F%3E\" data-src=\"https:\/\/www.josefbecvar.com\/wp-content\/uploads\/whatsapp-image-2020-01-24-at-12-28-13-1-937x937.jpeg\" data-srcset=\"https:\/\/www.josefbecvar.com\/wp-content\/uploads\/whatsapp-image-2020-01-24-at-12-28-13-1-937x937.jpeg 937w\" alt=\"S frekventanty kurzu francouzsk\u00e9ho \u010detnictva v Pa\u0159\u00ed\u017ei\" width=\"937\" height=\"937\"  \/><span class=\"gallery-rollover\"><\/span><\/a><\/figure><\/div><div data-post-id=\"56198\" data-date=\"2020-02-13T16:42:16+00:00\" data-name=\"General Josef Be\u010dv\u00e1\u0159 with Czechoslovak World War II veterans\"><figure class=\"post\"><a href=\"https:\/\/www.josefbecvar.com\/wp-content\/uploads\/whatsapp-image-2020-01-24-at-12-29-45-1.jpeg\" class=\"rollover dt-pswp-item layzr-bg\" data-large_image_width=\"1600\" data-large_image_height=\"1131\" data-dt-img-description=\"\" title=\"General Josef Be\u010dv\u00e1\u0159 with Czechoslovak World War II veterans\"><img class=\"preload-me owl-lazy-load\" src=\"data:image\/svg+xml,%3Csvg%20xmlns%3D&#39;http%3A%2F%2Fwww.w3.org%2F2000%2Fsvg&#39;%20viewBox%3D&#39;0%200%201131%201131&#39;%2F%3E\" data-src=\"https:\/\/www.josefbecvar.com\/wp-content\/uploads\/whatsapp-image-2020-01-24-at-12-29-45-1-1131x1131.jpeg\" data-srcset=\"https:\/\/www.josefbecvar.com\/wp-content\/uploads\/whatsapp-image-2020-01-24-at-12-29-45-1-1131x1131.jpeg 1131w\" alt=\"Gener\u00e1l Josef Be\u010dv\u00e1\u0159 s \u010deskoslovensk\u00fdmi v\u00e1le\u010dn\u00fdmi veter\u00e1ny z 2. sv\u011btov\u00e9 v\u00e1lky\" width=\"1131\" height=\"1131\"  \/><span class=\"gallery-rollover\"><\/span><\/a><\/figure><\/div><div data-post-id=\"56199\" data-date=\"2020-02-13T16:42:20+00:00\" data-name=\"JB at the Chuchle Racecourse near Prague\"><figure class=\"post\"><a href=\"https:\/\/www.josefbecvar.com\/wp-content\/uploads\/whatsapp-image-2020-01-24-at-12-30-36-1.jpeg\" class=\"rollover dt-pswp-item layzr-bg\" data-large_image_width=\"960\" data-large_image_height=\"540\" data-dt-img-description=\"\" title=\"JB at the Chuchle Racecourse near Prague\"><img class=\"preload-me owl-lazy-load\" src=\"data:image\/svg+xml,%3Csvg%20xmlns%3D&#39;http%3A%2F%2Fwww.w3.org%2F2000%2Fsvg&#39;%20viewBox%3D&#39;0%200%20540%20540&#39;%2F%3E\" data-src=\"https:\/\/www.josefbecvar.com\/wp-content\/uploads\/whatsapp-image-2020-01-24-at-12-30-36-1-540x540.jpeg\" data-srcset=\"https:\/\/www.josefbecvar.com\/wp-content\/uploads\/whatsapp-image-2020-01-24-at-12-30-36-1-540x540.jpeg 540w\" alt=\"Josef Be\u010dv\u00e1\u0159 na dostihov\u00e9m z\u00e1vodi\u0161ti v Chuchli\" width=\"540\" height=\"540\"  \/><span class=\"gallery-rollover\"><\/span><\/a><\/figure><\/div><div data-post-id=\"56148\" data-date=\"2019-12-04T14:53:25+00:00\" data-name=\"Meeting of Chiefs of the General Staff of the Czech Armed Forces\"><figure class=\"post\"><a href=\"https:\/\/www.josefbecvar.com\/wp-content\/uploads\/josef-becvar-foto-4.jpg\" class=\"rollover dt-pswp-item layzr-bg\" data-large_image_width=\"1200\" data-large_image_height=\"800\" data-dt-img-description=\"\" title=\"Meeting of Chiefs of the General Staff of the Czech Armed Forces\"><img class=\"preload-me owl-lazy-load\" src=\"data:image\/svg+xml,%3Csvg%20xmlns%3D&#39;http%3A%2F%2Fwww.w3.org%2F2000%2Fsvg&#39;%20viewBox%3D&#39;0%200%20800%20800&#39;%2F%3E\" data-src=\"https:\/\/www.josefbecvar.com\/wp-content\/uploads\/josef-becvar-foto-4-800x800.jpg\" data-srcset=\"https:\/\/www.josefbecvar.com\/wp-content\/uploads\/josef-becvar-foto-4-800x800.jpg 800w\" alt=\"Setk\u00e1n\u00ed n\u00e1\u010deln\u00edk\u016f Gener\u00e1ln\u00edho \u0161t\u00e1bu A\u010cR\" width=\"800\" height=\"800\"  \/><span class=\"gallery-rollover\"><\/span><\/a><\/figure><\/div><div data-post-id=\"56196\" data-date=\"2020-02-13T16:41:56+00:00\" data-name=\"JB as commander of an artillery battery\"><figure class=\"post\"><a href=\"https:\/\/www.josefbecvar.com\/wp-content\/uploads\/whatsapp-image-2020-01-24-at-12-22-10-1.jpeg\" class=\"rollover dt-pswp-item layzr-bg\" data-large_image_width=\"1600\" data-large_image_height=\"1376\" data-dt-img-description=\"\" title=\"JB as commander of an artillery battery\"><img class=\"preload-me owl-lazy-load\" src=\"data:image\/svg+xml,%3Csvg%20xmlns%3D&#39;http%3A%2F%2Fwww.w3.org%2F2000%2Fsvg&#39;%20viewBox%3D&#39;0%200%201376%201376&#39;%2F%3E\" data-src=\"https:\/\/www.josefbecvar.com\/wp-content\/uploads\/whatsapp-image-2020-01-24-at-12-22-10-1-1376x1376.jpeg\" data-srcset=\"https:\/\/www.josefbecvar.com\/wp-content\/uploads\/whatsapp-image-2020-01-24-at-12-22-10-1-1376x1376.jpeg 1376w\" alt=\"Jako velitel d\u011blost\u0159eleck\u00e9 baterie\" width=\"1376\" height=\"1376\"  \/><span class=\"gallery-rollover\"><\/span><\/a><\/figure><\/div><div data-post-id=\"56150\" data-date=\"2019-12-04T14:53:29+00:00\" data-name=\"Josef Be\u010dv\u00e1\u0159\"><figure class=\"post\"><a href=\"https:\/\/www.josefbecvar.com\/wp-content\/uploads\/josef-becvar-foto-6.jpg\" class=\"rollover dt-pswp-item layzr-bg\" data-large_image_width=\"1200\" data-large_image_height=\"800\" data-dt-img-description=\"\" title=\"Josef Be\u010dv\u00e1\u0159\"><img class=\"preload-me owl-lazy-load\" src=\"data:image\/svg+xml,%3Csvg%20xmlns%3D&#39;http%3A%2F%2Fwww.w3.org%2F2000%2Fsvg&#39;%20viewBox%3D&#39;0%200%20800%20800&#39;%2F%3E\" data-src=\"https:\/\/www.josefbecvar.com\/wp-content\/uploads\/josef-becvar-foto-6-800x800.jpg\" data-srcset=\"https:\/\/www.josefbecvar.com\/wp-content\/uploads\/josef-becvar-foto-6-800x800.jpg 800w\" alt=\"Josef Be\u010dv\u00e1\u0159\" width=\"800\" height=\"800\"  \/><span class=\"gallery-rollover\"><\/span><\/a><\/figure><\/div><div data-post-id=\"56149\" data-date=\"2019-12-04T14:53:27+00:00\" data-name=\"Josef Be\u010dv\u00e1\u0159\"><figure class=\"post\"><a href=\"https:\/\/www.josefbecvar.com\/wp-content\/uploads\/josef-becvar-foto-5.jpg\" class=\"rollover dt-pswp-item layzr-bg\" data-large_image_width=\"1200\" data-large_image_height=\"800\" data-dt-img-description=\"\" title=\"Josef Be\u010dv\u00e1\u0159\"><img class=\"preload-me owl-lazy-load\" src=\"data:image\/svg+xml,%3Csvg%20xmlns%3D&#39;http%3A%2F%2Fwww.w3.org%2F2000%2Fsvg&#39;%20viewBox%3D&#39;0%200%20800%20800&#39;%2F%3E\" data-src=\"https:\/\/www.josefbecvar.com\/wp-content\/uploads\/josef-becvar-foto-5-800x800.jpg\" data-srcset=\"https:\/\/www.josefbecvar.com\/wp-content\/uploads\/josef-becvar-foto-5-800x800.jpg 800w\" alt=\"Josef Be\u010dv\u00e1\u0159\" width=\"800\" height=\"800\"  \/><span class=\"gallery-rollover\"><\/span><\/a><\/figure><\/div><div data-post-id=\"56155\" data-date=\"2019-12-05T18:18:08+00:00\" data-name=\"Josef Be\u010dv\u00e1\u0159\"><figure class=\"post\"><a href=\"https:\/\/www.josefbecvar.com\/wp-content\/uploads\/josef-becvar-11.jpg\" class=\"rollover dt-pswp-item layzr-bg\" data-large_image_width=\"1200\" data-large_image_height=\"800\" data-dt-img-description=\"\" title=\"Josef Be\u010dv\u00e1\u0159\"><img class=\"preload-me owl-lazy-load\" src=\"data:image\/svg+xml,%3Csvg%20xmlns%3D&#39;http%3A%2F%2Fwww.w3.org%2F2000%2Fsvg&#39;%20viewBox%3D&#39;0%200%20800%20800&#39;%2F%3E\" data-src=\"https:\/\/www.josefbecvar.com\/wp-content\/uploads\/josef-becvar-11-800x800.jpg\" data-srcset=\"https:\/\/www.josefbecvar.com\/wp-content\/uploads\/josef-becvar-11-800x800.jpg 800w\" alt=\"Josef Be\u010dv\u00e1\u0159\" width=\"800\" height=\"800\"  \/><span class=\"gallery-rollover\"><\/span><\/a><\/figure><\/div><\/div>[\/vc_column][\/vc_row][vc_row full_width=&#8221;stretch_row&#8221; full_height=&#8221;yes&#8221; css=&#8221;.vc_custom_1574790785104{padding-top: 30px !important;padding-bottom: 30px !important;background-image: url(https:\/\/www.josefbecvar.com\/wp-content\/uploads\/josef-becvar-4.jpg?id=55937) !important;background-position: center !important;background-repeat: no-repeat !important;background-size: cover !important;}&#8221; el_id=&#8221;kontakt&#8221;][vc_column width=&#8221;1\/2&#8243; css=&#8221;.vc_custom_1574791200965{padding-top: 40px !important;padding-right: 40px !important;padding-bottom: 40px !important;padding-left: 40px !important;background-color: rgba(0,0,0,0.4) !important;*background-color: rgb(0,0,0) !important;border-radius: 20px !important;}&#8221;][vc_column_text]<\/p>\n<h2><span style=\"color: #ffffff;\">Contact<\/span><\/h2>\n<p>[\/vc_column_text][vc_empty_space height=&#8221;45px&#8221;]\n                <div class='gf_browser_gecko gform_wrapper gform_legacy_markup_wrapper' id='gform_wrapper_2' ><div id='gf_2' class='gform_anchor' tabindex='-1'><\/div><form method='post' enctype='multipart\/form-data' target='gform_ajax_frame_2' id='gform_2'  action=\"\/en\/wp-json\/wp\/v2\/pages\/55897#gf_2\" >\n                        <div class='gform_body gform-body'><ul id='gform_fields_2' class='gform_fields top_label form_sublabel_below description_below'><li id=\"field_2_1\"  class=\"gfield gfield_contains_required field_sublabel_below field_description_below gfield_visibility_visible\"  data-js-reload=\"field_2_1\"><label class='gfield_label screen-reader-text' for='input_2_1' >Name<span class=\"gfield_required\"><span class=\"gfield_required gfield_required_asterisk\">*<\/span><\/span><\/label><div class='ginput_container ginput_container_text'><input name='input_1' id='input_2_1' type='text' value='' class='large'    placeholder='Name' aria-required=\"true\" aria-invalid=\"false\"   \/> <\/div><\/li><li id=\"field_2_2\"  class=\"gfield gfield_contains_required field_sublabel_below field_description_below gfield_visibility_visible\"  data-js-reload=\"field_2_2\"><label class='gfield_label screen-reader-text' for='input_2_2' >Email<span class=\"gfield_required\"><span class=\"gfield_required gfield_required_asterisk\">*<\/span><\/span><\/label><div class='ginput_container ginput_container_email'>\n                            <input name='input_2' id='input_2_2' type='text' value='' class='large'   placeholder='Email' aria-required=\"true\" aria-invalid=\"false\"  \/>\n                        <\/div><\/li><li id=\"field_2_4\"  class=\"gfield gfield_contains_required field_sublabel_below field_description_below gfield_visibility_visible\"  data-js-reload=\"field_2_4\"><label class='gfield_label screen-reader-text' for='input_2_4' >Message<span class=\"gfield_required\"><span class=\"gfield_required gfield_required_asterisk\">*<\/span><\/span><\/label><div class='ginput_container ginput_container_textarea'><textarea name='input_4' id='input_2_4' class='textarea medium'    placeholder='Message' aria-required=\"true\" aria-invalid=\"false\"   rows='10' cols='50'><\/textarea><\/div><\/li><li id=\"field_2_5\"  class=\"gfield gfield_contains_required field_sublabel_below field_description_below gfield_visibility_visible\"  data-js-reload=\"field_2_5\"><label class='gfield_label screen-reader-text gfield_label_before_complex'  ><span class=\"gfield_required\"><span class=\"gfield_required gfield_required_asterisk\">*<\/span><\/span><\/label><div class='ginput_container ginput_container_checkbox'><ul class='gfield_checkbox' id='input_2_5'><li class='gchoice gchoice_2_5_1'>\n\t\t\t\t\t\t\t\t<input class='gfield-choice-input' name='input_5.1' type='checkbox'  value='By ticking you agree to the processing of personal data.'  id='choice_2_5_1'   \/>\n\t\t\t\t\t\t\t\t<label for='choice_2_5_1' id='label_2_5_1'>By ticking you agree to the processing of personal data.<\/label>\n\t\t\t\t\t\t\t<\/li><\/ul><\/div><\/li><\/ul><\/div>\n        <div class='gform_footer top_label'> <input type='submit' id='gform_submit_button_2' class='gform_button button' value='Send'  onclick='if(window[\"gf_submitting_2\"]){return false;}  window[\"gf_submitting_2\"]=true;  ' onkeypress='if( event.keyCode == 13 ){ if(window[\"gf_submitting_2\"]){return false;} window[\"gf_submitting_2\"]=true;  jQuery(\"#gform_2\").trigger(\"submit\",[true]); }' \/> <input type='hidden' name='gform_ajax' value='form_id=2&amp;title=&amp;description=&amp;tabindex=0' \/>\n            <input type='hidden' class='gform_hidden' name='is_submit_2' value='1' \/>\n            <input type='hidden' class='gform_hidden' name='gform_submit' value='2' \/>\n            \n            <input type='hidden' class='gform_hidden' name='gform_unique_id' value='' \/>\n            <input type='hidden' class='gform_hidden' name='state_2' value='WyJbXSIsImMyOGQ4NTU5NjEwODdmMjE5ODYyYTFlNThmYjdmYWUwIl0=' \/>\n            <input type='hidden' class='gform_hidden' name='gform_target_page_number_2' id='gform_target_page_number_2' value='0' \/>\n            <input type='hidden' class='gform_hidden' name='gform_source_page_number_2' id='gform_source_page_number_2' value='1' \/>\n            <input type='hidden' name='gform_field_values' value='' \/>\n            \n        <\/div>\n                        <\/form>\n                        <\/div>\n                <iframe style='display:none;width:0px;height:0px;' src='about:blank' name='gform_ajax_frame_2' id='gform_ajax_frame_2' title='This iframe contains the logic required to handle Ajax powered Gravity Forms.'><\/iframe>\n                <script type=\"text\/javascript\">\ngform.initializeOnLoaded( function() {gformInitSpinner( 2, 'https:\/\/www.josefbecvar.com\/wp-content\/plugins\/gravityforms\/images\/spinner.svg' );jQuery('#gform_ajax_frame_2').on('load',function(){var contents = jQuery(this).contents().find('*').html();var is_postback = contents.indexOf('GF_AJAX_POSTBACK') >= 0;if(!is_postback){return;}var form_content = jQuery(this).contents().find('#gform_wrapper_2');var is_confirmation = jQuery(this).contents().find('#gform_confirmation_wrapper_2').length > 0;var is_redirect = contents.indexOf('gformRedirect(){') >= 0;var is_form = form_content.length > 0 && ! is_redirect && ! is_confirmation;var mt = parseInt(jQuery('html').css('margin-top'), 10) + parseInt(jQuery('body').css('margin-top'), 10) + 100;if(is_form){jQuery('#gform_wrapper_2').html(form_content.html());if(form_content.hasClass('gform_validation_error')){jQuery('#gform_wrapper_2').addClass('gform_validation_error');} else {jQuery('#gform_wrapper_2').removeClass('gform_validation_error');}setTimeout( function() { \/* delay the scroll by 50 milliseconds to fix a bug in chrome *\/ jQuery(document).scrollTop(jQuery('#gform_wrapper_2').offset().top - mt); }, 50 );if(window['gformInitDatepicker']) {gformInitDatepicker();}if(window['gformInitPriceFields']) {gformInitPriceFields();}var current_page = jQuery('#gform_source_page_number_2').val();gformInitSpinner( 2, 'https:\/\/www.josefbecvar.com\/wp-content\/plugins\/gravityforms\/images\/spinner.svg' );jQuery(document).trigger('gform_page_loaded', [2, current_page]);window['gf_submitting_2'] = false;}else if(!is_redirect){var confirmation_content = jQuery(this).contents().find('.GF_AJAX_POSTBACK').html();if(!confirmation_content){confirmation_content = contents;}setTimeout(function(){jQuery('#gform_wrapper_2').replaceWith(confirmation_content);jQuery(document).scrollTop(jQuery('#gf_2').offset().top - mt);jQuery(document).trigger('gform_confirmation_loaded', [2]);window['gf_submitting_2'] = false;wp.a11y.speak(jQuery('#gform_confirmation_message_2').text());}, 50);}else{jQuery('#gform_2').append(contents);if(window['gformRedirect']) {gformRedirect();}}jQuery(document).trigger('gform_post_render', [2, current_page]);} );} );\n<\/script>\n[\/vc_column][vc_column width=&#8221;1\/2&#8243;][\/vc_column][\/vc_row]<\/p>","protected":false},"excerpt":{"rendered":"<p>[vc_row full_width=&#8221;stretch_row&#8221; full_height=&#8221;yes&#8221; css=&#8221;.vc_custom_1574781049296{padding-top: 30px !important;padding-bottom: 30px !important;background-image: url(https:\/\/www.josefbecvar.com\/wp-content\/uploads\/jozef-becvar-1.jpg?id=55900) !important;background-position: center !important;background-repeat: no-repeat !important;background-size: cover !important;}&#8221;][vc_column][vc_empty_space height=&#8221;115px&#8221;][vc_column_text] Army Gen. Josef Becvar (ret.) [\/vc_column_text][vc_empty_space height=&#8221;35px&#8221;][vc_column_text el_class=&#8221;bigger&#8221;]Chairman of the Board of ZETOR DEFENCE, a.s. Army General of the Army of the Czech Republic Chief of the General Staff of the Czech Army in 2015-2018[\/vc_column_text][vc_empty_space height=&#8221;50px&#8221;][\/vc_column][\/vc_row][vc_row][vc_column][vc_empty_space height=&#8221;50px&#8221;][\/vc_column][\/vc_row][vc_row css=&#8221;.vc_custom_1574776323785{padding-top:&hellip;<\/p>\n","protected":false},"author":1,"featured_media":0,"parent":0,"menu_order":0,"comment_status":"closed","ping_status":"closed","template":"","meta":[],"_links":{"self":[{"href":"https:\/\/www.josefbecvar.com\/en\/wp-json\/wp\/v2\/pages\/55897"}],"collection":[{"href":"https:\/\/www.josefbecvar.com\/en\/wp-json\/wp\/v2\/pages"}],"about":[{"href":"https:\/\/www.josefbecvar.com\/en\/wp-json\/wp\/v2\/types\/page"}],"author":[{"embeddable":true,"href":"https:\/\/www.josefbecvar.com\/en\/wp-json\/wp\/v2\/users\/1"}],"replies":[{"embeddable":true,"href":"https:\/\/www.josefbecvar.com\/en\/wp-json\/wp\/v2\/comments?post=55897"}],"version-history":[{"count":2,"href":"https:\/\/www.josefbecvar.com\/en\/wp-json\/wp\/v2\/pages\/55897\/revisions"}],"predecessor-version":[{"id":56593,"href":"https:\/\/www.josefbecvar.com\/en\/wp-json\/wp\/v2\/pages\/55897\/revisions\/56593"}],"wp:attachment":[{"href":"https:\/\/www.josefbecvar.com\/en\/wp-json\/wp\/v2\/media?parent=55897"}],"curies":[{"name":"wp","href":"https:\/\/api.w.org\/{rel}","templated":true}]}}